
{"id":4783,"date":"2023-06-12T13:22:55","date_gmt":"2023-06-12T11:22:55","guid":{"rendered":"https:\/\/raf23.dev.comet.technology\/home\/"},"modified":"2025-11-07T15:52:04","modified_gmt":"2025-11-07T14:52:04","slug":"festival","status":"publish","type":"page","link":"https:\/\/raimatartsfestival.org\/ca\/","title":{"rendered":"Festival"},"content":{"rendered":"\t\t<div data-elementor-type=\"wp-page\" data-elementor-id=\"4783\" class=\"elementor elementor-4783 elementor-2900\" data-elementor-post-type=\"page\">\n\t\t\t\t<div class=\"elementor-element elementor-element-21fdb12 e-flex e-con-boxed e-con e-parent\" data-id=\"21fdb12\" data-element_type=\"container\" data-e-type=\"container\" data-settings=\"{&quot;background_background&quot;:&quot;classic&quot;}\">\n\t\t\t\t\t<div class=\"e-con-inner\">\n\t\t\t\t<div class=\"elementor-element elementor-element-0752fb2 elementor-hidden-mobile elementor-widget elementor-widget-image\" data-id=\"0752fb2\" data-element_type=\"widget\" data-e-type=\"widget\" data-widget_type=\"image.default\">\n\t\t\t\t<div class=\"elementor-widget-container\">\n\t\t\t\t\t\t\t\t\t\t\t\t\t\t\t<img fetchpriority=\"high\" decoding=\"async\" width=\"493\" height=\"506\" src=\"https:\/\/raimatartsfestival.org\/wp-content\/uploads\/2025\/10\/uvas-transparentes-cabecera.png\" class=\"attachment-full size-full wp-image-10531\" alt=\"\" srcset=\"https:\/\/raimatartsfestival.org\/wp-content\/uploads\/2025\/10\/uvas-transparentes-cabecera.png 493w, https:\/\/raimatartsfestival.org\/wp-content\/uploads\/2025\/10\/uvas-transparentes-cabecera-292x300.png 292w\" sizes=\"(max-width: 493px) 100vw, 493px\" \/>\t\t\t\t\t\t\t\t\t\t\t\t\t\t\t<\/div>\n\t\t\t\t<\/div>\n\t\t<div class=\"elementor-element elementor-element-e73d4db e-flex e-con-boxed e-con e-child\" data-id=\"e73d4db\" data-element_type=\"container\" data-e-type=\"container\">\n\t\t\t\t\t<div class=\"e-con-inner\">\n\t\t\t\t<div class=\"elementor-element elementor-element-6297dec elementor-widget elementor-widget-heading\" data-id=\"6297dec\" data-element_type=\"widget\" data-e-type=\"widget\" data-widget_type=\"heading.default\">\n\t\t\t\t<div class=\"elementor-widget-container\">\n\t\t\t\t\t<h2 class=\"elementor-heading-title elementor-size-default\">Moltes gr\u00e0cies per la vostra<br>participaci\u00f3 al Raimat Arts Festival 2025.<br><span>Ens veiem del 8 al 11 d'octubre 2026!<\/span> \n<\/h2>\t\t\t\t<\/div>\n\t\t\t\t<\/div>\n\t\t\t\t<div class=\"elementor-element elementor-element-0ed47c5 elementor-widget elementor-widget-heading\" data-id=\"0ed47c5\" data-element_type=\"widget\" data-e-type=\"widget\" data-widget_type=\"heading.default\">\n\t\t\t\t<div class=\"elementor-widget-container\">\n\t\t\t\t\t<h2 class=\"elementor-heading-title elementor-size-default\">.<\/h2>\t\t\t\t<\/div>\n\t\t\t\t<\/div>\n\t\t\t\t\t<\/div>\n\t\t\t\t<\/div>\n\t\t\t\t\t<\/div>\n\t\t\t\t<\/div>\n\t\t<div class=\"elementor-element elementor-element-016c7d6 e-flex e-con-boxed e-con e-parent\" data-id=\"016c7d6\" data-element_type=\"container\" data-e-type=\"container\">\n\t\t\t\t\t<div class=\"e-con-inner\">\n\t\t\t\t<div class=\"elementor-element elementor-element-05f4f22 elementor-shape-circle elementor-widget__width-auto elementor-widget-mobile__width-inherit elementor-grid-0 e-grid-align-center elementor-widget elementor-widget-social-icons\" data-id=\"05f4f22\" data-element_type=\"widget\" data-e-type=\"widget\" data-widget_type=\"social-icons.default\">\n\t\t\t\t<div class=\"elementor-widget-container\">\n\t\t\t\t\t\t\t<div class=\"elementor-social-icons-wrapper elementor-grid\" role=\"list\">\n\t\t\t\t\t\t\t<span class=\"elementor-grid-item\" role=\"listitem\">\n\t\t\t\t\t<a class=\"elementor-icon elementor-social-icon elementor-social-icon-linkedin elementor-repeater-item-73d98d5\" href=\"https:\/\/www.linkedin.com\/company\/raimat-arts-festival\/posts\/?feedView=all\" target=\"_blank\" rel=\"nofollow noopener\">\n\t\t\t\t\t\t<span class=\"elementor-screen-only\">Linkedin<\/span>\n\t\t\t\t\t\t<svg aria-hidden=\"true\" class=\"e-font-icon-svg e-fab-linkedin\" viewBox=\"0 0 448 512\" xmlns=\"http:\/\/www.w3.org\/2000\/svg\"><path d=\"M416 32H31.9C14.3 32 0 46.5 0 64.3v383.4C0 465.5 14.3 480 31.9 480H416c17.6 0 32-14.5 32-32.3V64.3c0-17.8-14.4-32.3-32-32.3zM135.4 416H69V202.2h66.5V416zm-33.2-243c-21.3 0-38.5-17.3-38.5-38.5S80.9 96 102.2 96c21.2 0 38.5 17.3 38.5 38.5 0 21.3-17.2 38.5-38.5 38.5zm282.1 243h-66.4V312c0-24.8-.5-56.7-34.5-56.7-34.6 0-39.9 27-39.9 54.9V416h-66.4V202.2h63.7v29.2h.9c8.9-16.8 30.6-34.5 62.9-34.5 67.2 0 79.7 44.3 79.7 101.9V416z\"><\/path><\/svg>\t\t\t\t\t<\/a>\n\t\t\t\t<\/span>\n\t\t\t\t\t\t\t<span class=\"elementor-grid-item\" role=\"listitem\">\n\t\t\t\t\t<a class=\"elementor-icon elementor-social-icon elementor-social-icon-instagram elementor-repeater-item-ee987fe\" href=\"https:\/\/www.instagram.com\/raimatartsfestival\/\" target=\"_blank\" rel=\"nofollow noopener\">\n\t\t\t\t\t\t<span class=\"elementor-screen-only\">Instagram<\/span>\n\t\t\t\t\t\t<svg aria-hidden=\"true\" class=\"e-font-icon-svg e-fab-instagram\" viewBox=\"0 0 448 512\" xmlns=\"http:\/\/www.w3.org\/2000\/svg\"><path d=\"M224.1 141c-63.6 0-114.9 51.3-114.9 114.9s51.3 114.9 114.9 114.9S339 319.5 339 255.9 287.7 141 224.1 141zm0 189.6c-41.1 0-74.7-33.5-74.7-74.7s33.5-74.7 74.7-74.7 74.7 33.5 74.7 74.7-33.6 74.7-74.7 74.7zm146.4-194.3c0 14.9-12 26.8-26.8 26.8-14.9 0-26.8-12-26.8-26.8s12-26.8 26.8-26.8 26.8 12 26.8 26.8zm76.1 27.2c-1.7-35.9-9.9-67.7-36.2-93.9-26.2-26.2-58-34.4-93.9-36.2-37-2.1-147.9-2.1-184.9 0-35.8 1.7-67.6 9.9-93.9 36.1s-34.4 58-36.2 93.9c-2.1 37-2.1 147.9 0 184.9 1.7 35.9 9.9 67.7 36.2 93.9s58 34.4 93.9 36.2c37 2.1 147.9 2.1 184.9 0 35.9-1.7 67.7-9.9 93.9-36.2 26.2-26.2 34.4-58 36.2-93.9 2.1-37 2.1-147.8 0-184.8zM398.8 388c-7.8 19.6-22.9 34.7-42.6 42.6-29.5 11.7-99.5 9-132.1 9s-102.7 2.6-132.1-9c-19.6-7.8-34.7-22.9-42.6-42.6-11.7-29.5-9-99.5-9-132.1s-2.6-102.7 9-132.1c7.8-19.6 22.9-34.7 42.6-42.6 29.5-11.7 99.5-9 132.1-9s102.7-2.6 132.1 9c19.6 7.8 34.7 22.9 42.6 42.6 11.7 29.5 9 99.5 9 132.1s2.7 102.7-9 132.1z\"><\/path><\/svg>\t\t\t\t\t<\/a>\n\t\t\t\t<\/span>\n\t\t\t\t\t\t\t<span class=\"elementor-grid-item\" role=\"listitem\">\n\t\t\t\t\t<a class=\"elementor-icon elementor-social-icon elementor-social-icon-youtube elementor-repeater-item-c8a466a\" href=\"https:\/\/www.youtube.com\/channel\/UC6qkEBrWnGU1bPbGSL9Ak3w\" target=\"_blank\" rel=\"nofollow noopener\">\n\t\t\t\t\t\t<span class=\"elementor-screen-only\">Youtube<\/span>\n\t\t\t\t\t\t<svg aria-hidden=\"true\" class=\"e-font-icon-svg e-fab-youtube\" viewBox=\"0 0 576 512\" xmlns=\"http:\/\/www.w3.org\/2000\/svg\"><path d=\"M549.655 124.083c-6.281-23.65-24.787-42.276-48.284-48.597C458.781 64 288 64 288 64S117.22 64 74.629 75.486c-23.497 6.322-42.003 24.947-48.284 48.597-11.412 42.867-11.412 132.305-11.412 132.305s0 89.438 11.412 132.305c6.281 23.65 24.787 41.5 48.284 47.821C117.22 448 288 448 288 448s170.78 0 213.371-11.486c23.497-6.321 42.003-24.171 48.284-47.821 11.412-42.867 11.412-132.305 11.412-132.305s0-89.438-11.412-132.305zm-317.51 213.508V175.185l142.739 81.205-142.739 81.201z\"><\/path><\/svg>\t\t\t\t\t<\/a>\n\t\t\t\t<\/span>\n\t\t\t\t\t<\/div>\n\t\t\t\t\t\t<\/div>\n\t\t\t\t<\/div>\n\t\t\t\t<div class=\"elementor-element elementor-element-4099652 elementor-widget-mobile__width-inherit elementor-widget elementor-widget-heading\" data-id=\"4099652\" data-element_type=\"widget\" data-e-type=\"widget\" data-widget_type=\"heading.default\">\n\t\t\t\t<div class=\"elementor-widget-container\">\n\t\t\t\t\t<p class=\"elementor-heading-title elementor-size-default\"><a href=\"mailto:festival@raimatartsfestival.org\">festival@raimatartsfestival.org<\/a><\/p>\t\t\t\t<\/div>\n\t\t\t\t<\/div>\n\t\t\t\t<div class=\"elementor-element elementor-element-3d7d671 elementor-widget elementor-widget-image\" data-id=\"3d7d671\" data-element_type=\"widget\" data-e-type=\"widget\" data-widget_type=\"image.default\">\n\t\t\t\t<div class=\"elementor-widget-container\">\n\t\t\t\t\t\t\t\t\t\t\t\t\t\t\t<img decoding=\"async\" src=\"https:\/\/raimatartsfestival.org\/wp-content\/uploads\/2024\/05\/logo-lleiaesart.svg\" class=\"attachment-full size-full wp-image-7760\" alt=\"\" \/>\t\t\t\t\t\t\t\t\t\t\t\t\t\t\t<\/div>\n\t\t\t\t<\/div>\n\t\t\t\t<div class=\"elementor-element elementor-element-a5720a0 elementor-widget elementor-widget-image\" data-id=\"a5720a0\" data-element_type=\"widget\" data-e-type=\"widget\" data-widget_type=\"image.default\">\n\t\t\t\t<div class=\"elementor-widget-container\">\n\t\t\t\t\t\t\t\t\t\t\t\t\t\t\t\t<a href=\"https:\/\/unglobalcompact.org\/\" target=\"_blank\" rel=\"nofollow noopener\">\n\t\t\t\t\t\t\t<img decoding=\"async\" src=\"https:\/\/raimatartsfestival.org\/wp-content\/uploads\/2024\/04\/logo-compact.svg\" class=\"attachment-full size-full wp-image-6225\" alt=\"\" \/>\t\t\t\t\t\t\t\t<\/a>\n\t\t\t\t\t\t\t\t\t\t\t\t\t\t\t<\/div>\n\t\t\t\t<\/div>\n\t\t\t\t\t<\/div>\n\t\t\t\t<\/div>\n\t\t<div class=\"elementor-element elementor-element-fe2410f e-con-full elementor-hidden-mobile e-flex e-con e-parent\" data-id=\"fe2410f\" data-element_type=\"container\" data-e-type=\"container\">\n\t\t<div class=\"elementor-element elementor-element-ae65e0d e-con-full e-flex e-con e-child\" data-id=\"ae65e0d\" data-element_type=\"container\" data-e-type=\"container\">\n\t\t\t\t<div class=\"elementor-element elementor-element-a7f187e elementor-widget__width-auto elementor-absolute elementor-widget elementor-widget-heading\" data-id=\"a7f187e\" data-element_type=\"widget\" data-e-type=\"widget\" data-settings=\"{&quot;_position&quot;:&quot;absolute&quot;}\" data-widget_type=\"heading.default\">\n\t\t\t\t<div class=\"elementor-widget-container\">\n\t\t\t\t\t<p class=\"elementor-heading-title elementor-size-default\">2<span>\/<\/span>3<span>\/<\/span>4<span>\/<\/span>5<\/br>Octubre 2025\n<\/p>\t\t\t\t<\/div>\n\t\t\t\t<\/div>\n\t\t\t\t<div class=\"elementor-element elementor-element-2904824 elementor-widget__width-auto elementor-absolute elementor-widget-tablet__width-inherit elementor-widget elementor-widget-heading\" data-id=\"2904824\" data-element_type=\"widget\" data-e-type=\"widget\" data-settings=\"{&quot;_position&quot;:&quot;absolute&quot;}\" data-widget_type=\"heading.default\">\n\t\t\t\t<div class=\"elementor-widget-container\">\n\t\t\t\t\t<p class=\"elementor-heading-title elementor-size-default\">Raimat <span>\/<\/span> Lleida_Spain<\/p>\t\t\t\t<\/div>\n\t\t\t\t<\/div>\n\t\t\t\t<div class=\"elementor-element elementor-element-3eaf1b6 elementor-hidden-mobile elementor-widget-tablet__width-auto elementor-absolute elementor-widget__width-auto elementor-widget elementor-widget-image\" data-id=\"3eaf1b6\" data-element_type=\"widget\" data-e-type=\"widget\" data-settings=\"{&quot;_position&quot;:&quot;absolute&quot;}\" data-widget_type=\"image.default\">\n\t\t\t\t<div class=\"elementor-widget-container\">\n\t\t\t\t\t\t\t\t\t\t\t\t\t\t\t<img decoding=\"async\" width=\"378\" height=\"273\" src=\"https:\/\/raimatartsfestival.org\/wp-content\/uploads\/2023\/11\/logo-notag.svg\" class=\"attachment-full size-full wp-image-5398\" alt=\"\" \/>\t\t\t\t\t\t\t\t\t\t\t\t\t\t\t<\/div>\n\t\t\t\t<\/div>\n\t\t\t\t<div class=\"elementor-element elementor-element-ef5b234 elementor-hidden-mobile elementor-widget__width-auto elementor-absolute elementor-widget elementor-widget-image\" data-id=\"ef5b234\" data-element_type=\"widget\" data-e-type=\"widget\" data-settings=\"{&quot;_position&quot;:&quot;absolute&quot;}\" data-widget_type=\"image.default\">\n\t\t\t\t<div class=\"elementor-widget-container\">\n\t\t\t\t\t\t\t\t\t\t\t\t\t\t\t<img decoding=\"async\" width=\"62\" height=\"19\" src=\"https:\/\/raimatartsfestival.org\/wp-content\/uploads\/2022\/06\/2025.png\" class=\"attachment-full size-full wp-image-8926\" alt=\"\" \/>\t\t\t\t\t\t\t\t\t\t\t\t\t\t\t<\/div>\n\t\t\t\t<\/div>\n\t\t\t\t<div class=\"elementor-element elementor-element-5e498da elementor-widget__width-auto elementor-absolute elementor-widget elementor-widget-image\" data-id=\"5e498da\" data-element_type=\"widget\" data-e-type=\"widget\" data-settings=\"{&quot;_position&quot;:&quot;absolute&quot;}\" data-widget_type=\"image.default\">\n\t\t\t\t<div class=\"elementor-widget-container\">\n\t\t\t\t\t\t\t\t\t\t\t\t\t\t\t<img loading=\"lazy\" decoding=\"async\" width=\"306\" height=\"557\" src=\"https:\/\/raimatartsfestival.org\/wp-content\/uploads\/2025\/04\/tanino-lila.png\" class=\"attachment-full size-full wp-image-8939\" alt=\"\" srcset=\"https:\/\/raimatartsfestival.org\/wp-content\/uploads\/2025\/04\/tanino-lila.png 306w, https:\/\/raimatartsfestival.org\/wp-content\/uploads\/2025\/04\/tanino-lila-165x300.png 165w\" sizes=\"(max-width: 306px) 100vw, 306px\" \/>\t\t\t\t\t\t\t\t\t\t\t\t\t\t\t<\/div>\n\t\t\t\t<\/div>\n\t\t\t\t<\/div>\n\t\t\t\t<\/div>\n\t\t<div class=\"elementor-element elementor-element-d050152 e-flex e-con-boxed e-con e-parent\" data-id=\"d050152\" data-element_type=\"container\" data-e-type=\"container\" data-settings=\"{&quot;background_background&quot;:&quot;classic&quot;}\">\n\t\t\t\t\t<div class=\"e-con-inner\">\n\t\t<div class=\"elementor-element elementor-element-a6cd517 e-flex e-con-boxed e-con e-child\" data-id=\"a6cd517\" data-element_type=\"container\" data-e-type=\"container\">\n\t\t\t\t\t<div class=\"e-con-inner\">\n\t\t\t\t<div class=\"elementor-element elementor-element-4604f26 elementor-widget-tablet__width-inherit elementor-widget__width-inherit elementor-widget elementor-widget-video\" data-id=\"4604f26\" data-element_type=\"widget\" data-e-type=\"widget\" data-settings=\"{&quot;youtube_url&quot;:&quot;https:\\\/\\\/youtu.be\\\/W7_aXCADGVM?si=-GFSXfHOk5oFUPHz&quot;,&quot;show_image_overlay&quot;:&quot;yes&quot;,&quot;image_overlay&quot;:{&quot;url&quot;:&quot;https:\\\/\\\/raimatartsfestival.org\\\/wp-content\\\/uploads\\\/2025\\\/10\\\/RAF25-\\u00a9DaviddelVal-baixa-427.jpg&quot;,&quot;id&quot;:10562,&quot;size&quot;:&quot;&quot;,&quot;alt&quot;:&quot;&quot;,&quot;source&quot;:&quot;library&quot;},&quot;video_type&quot;:&quot;youtube&quot;,&quot;controls&quot;:&quot;yes&quot;}\" data-widget_type=\"video.default\">\n\t\t\t\t<div class=\"elementor-widget-container\">\n\t\t\t\t\t\t\t<div class=\"elementor-wrapper elementor-open-inline\">\n\t\t\t<div class=\"elementor-video\"><\/div>\t\t\t\t<div class=\"elementor-custom-embed-image-overlay\" style=\"background-image: url(https:\/\/raimatartsfestival.org\/wp-content\/uploads\/2025\/10\/RAF25-\u00a9DaviddelVal-baixa-427.jpg);\">\n\t\t\t\t\t\t\t\t\t\t\t\t\t\t\t\t<div class=\"elementor-custom-embed-play\" role=\"button\" aria-label=\"Reprodueix v\u00eddeo\" tabindex=\"0\">\n\t\t\t\t\t\t\t<svg xmlns=\"http:\/\/www.w3.org\/2000\/svg\" width=\"67\" height=\"67\" viewBox=\"0 0 67 67\"><g id=\"Grupo_2226\" data-name=\"Grupo 2226\" transform=\"translate(-764.395 -729.395)\"><circle id=\"Elipse_3\" data-name=\"Elipse 3\" cx=\"33.5\" cy=\"33.5\" r=\"33.5\" transform=\"translate(764.395 729.395)\" fill=\"#fff\" opacity=\"0.445\"><\/circle><g id=\"Play\" transform=\"translate(790.328 749.467)\"><path id=\"Shape\" d=\"M21.335,11.424,3.621.263A3.177,3.177,0,0,0,1.956,0,1.722,1.722,0,0,0,0,1.9V24.716a1.742,1.742,0,0,0,1.956,1.9,3.178,3.178,0,0,0,1.665-.26L21.335,15.2c1.454-.865,1.2-1.886,1.2-1.886S22.789,12.289,21.335,11.424Z\" transform=\"translate(0)\" fill=\"#fff\"><\/path><\/g><\/g><\/svg>\t\t\t\t\t\t<\/div>\n\t\t\t\t\t\t\t\t\t<\/div>\n\t\t\t\t\t<\/div>\n\t\t\t\t\t\t<\/div>\n\t\t\t\t<\/div>\n\t\t\t\t<div class=\"elementor-element elementor-element-3f97e9b elementor-widget elementor-widget-heading\" data-id=\"3f97e9b\" data-element_type=\"widget\" data-e-type=\"widget\" data-widget_type=\"heading.default\">\n\t\t\t\t<div class=\"elementor-widget-container\">\n\t\t\t\t\t<p class=\"elementor-heading-title elementor-size-default\">Raimat Arts Festival 2025<\/p>\t\t\t\t<\/div>\n\t\t\t\t<\/div>\n\t\t\t\t\t<\/div>\n\t\t\t\t<\/div>\n\t\t\t\t\t<\/div>\n\t\t\t\t<\/div>\n\t\t<div class=\"elementor-element elementor-element-8416cd1 e-flex e-con-boxed e-con e-parent\" data-id=\"8416cd1\" data-element_type=\"container\" data-e-type=\"container\">\n\t\t\t\t\t<div class=\"e-con-inner\">\n\t\t<div class=\"elementor-element elementor-element-094f90c e-con-full e-flex e-con e-child\" data-id=\"094f90c\" data-element_type=\"container\" data-e-type=\"container\">\n\t\t\t\t<div class=\"elementor-element elementor-element-0460d91 elementor-widget__width-inherit elementor-widget elementor-widget-heading\" data-id=\"0460d91\" data-element_type=\"widget\" data-e-type=\"widget\" data-widget_type=\"heading.default\">\n\t\t\t\t<div class=\"elementor-widget-container\">\n\t\t\t\t\t<h2 class=\"elementor-heading-title elementor-size-default\">Un festival <\/br>\ncomprom\u00e8s amb <\/br>\nl'impacte positiu<\/br>\nen la comunidad\n\n<\/h2>\t\t\t\t<\/div>\n\t\t\t\t<\/div>\n\t\t\t\t<div class=\"elementor-element elementor-element-44b9ebb elementor-widget__width-inherit elementor-widget elementor-widget-text-editor\" data-id=\"44b9ebb\" data-element_type=\"widget\" data-e-type=\"widget\" data-widget_type=\"text-editor.default\">\n\t\t\t\t<div class=\"elementor-widget-container\">\n\t\t\t\t\t\t\t\t\t<p>El Raimat Arts Festival \u00e9s un festival internacional de m\u00fasica cl\u00e0ssica que transforma el territori a trav\u00e9s de les Arts. Nascut l\u2019any 2022 i agermanat amb el <b>Festival Napa Valley<\/b> de Calif\u00f2rnia, se celebra cada octubre en l\u2019entorn \u00fanic del Castell de Raymat, envoltat de vinyes i natura. <\/p><p>Es el <b>primer festival Water Positive del m\u00f3n<b>, <\/b><\/b>tornant a la Natura el doble de l\u00b4aigua consumida.<b><b> Mitjan\u00e7ant el programa<b>\u201cLleida \u00e9s Arts\u201d<\/b>, <\/b><\/b>connecta la comunitat amb experi\u00e8ncies culturals transformadores, <b><b><b>generant recursos per a la Fundaci\u00f3 Comunit\u00e0ria Raimat Lleida.<\/b><\/b><\/b><\/p>\t\t\t\t\t\t\t\t<\/div>\n\t\t\t\t<\/div>\n\t\t\t\t<div class=\"elementor-element elementor-element-2865448 elementor-absolute elementor-widget elementor-widget-image\" data-id=\"2865448\" data-element_type=\"widget\" data-e-type=\"widget\" data-settings=\"{&quot;_position&quot;:&quot;absolute&quot;}\" data-widget_type=\"image.default\">\n\t\t\t\t<div class=\"elementor-widget-container\">\n\t\t\t\t\t\t\t\t\t\t\t\t\t\t\t<img loading=\"lazy\" decoding=\"async\" width=\"250\" height=\"283\" src=\"https:\/\/raimatartsfestival.org\/wp-content\/uploads\/2025\/04\/uvas_fundacion2.png\" class=\"attachment-full size-full wp-image-8981\" alt=\"\" \/>\t\t\t\t\t\t\t\t\t\t\t\t\t\t\t<\/div>\n\t\t\t\t<\/div>\n\t\t\t\t<div class=\"elementor-element elementor-element-5add081 elementor-absolute elementor-widget elementor-widget-image\" data-id=\"5add081\" data-element_type=\"widget\" data-e-type=\"widget\" data-settings=\"{&quot;_position&quot;:&quot;absolute&quot;}\" data-widget_type=\"image.default\">\n\t\t\t\t<div class=\"elementor-widget-container\">\n\t\t\t\t\t\t\t\t\t\t\t\t\t\t\t<img loading=\"lazy\" decoding=\"async\" width=\"406\" height=\"350\" src=\"https:\/\/raimatartsfestival.org\/wp-content\/uploads\/2025\/04\/uvas_fundacion3-2.png\" class=\"attachment-full size-full wp-image-9115\" alt=\"\" srcset=\"https:\/\/raimatartsfestival.org\/wp-content\/uploads\/2025\/04\/uvas_fundacion3-2.png 406w, https:\/\/raimatartsfestival.org\/wp-content\/uploads\/2025\/04\/uvas_fundacion3-2-300x259.png 300w\" sizes=\"(max-width: 406px) 100vw, 406px\" \/>\t\t\t\t\t\t\t\t\t\t\t\t\t\t\t<\/div>\n\t\t\t\t<\/div>\n\t\t\t\t<\/div>\n\t\t\t\t\t<\/div>\n\t\t\t\t<\/div>\n\t\t<div class=\"elementor-element elementor-element-8c4f813 e-grid e-con-boxed e-con e-parent\" data-id=\"8c4f813\" data-element_type=\"container\" data-e-type=\"container\">\n\t\t\t\t\t<div class=\"e-con-inner\">\n\t\t<div class=\"elementor-element elementor-element-93e3f72 e-flex e-con-boxed e-con e-child\" data-id=\"93e3f72\" data-element_type=\"container\" data-e-type=\"container\" data-settings=\"{&quot;background_background&quot;:&quot;classic&quot;}\">\n\t\t\t\t\t<div class=\"e-con-inner\">\n\t\t<div class=\"elementor-element elementor-element-d7423a3 e-flex e-con-boxed e-con e-child\" data-id=\"d7423a3\" data-element_type=\"container\" data-e-type=\"container\" data-settings=\"{&quot;background_background&quot;:&quot;classic&quot;}\">\n\t\t\t\t\t<div class=\"e-con-inner\">\n\t\t\t\t<div class=\"elementor-element elementor-element-7a2bc91 elementor-absolute elementor-view-default elementor-widget elementor-widget-icon\" data-id=\"7a2bc91\" data-element_type=\"widget\" data-e-type=\"widget\" data-settings=\"{&quot;_position&quot;:&quot;absolute&quot;}\" data-widget_type=\"icon.default\">\n\t\t\t\t<div class=\"elementor-widget-container\">\n\t\t\t\t\t\t\t<div class=\"elementor-icon-wrapper\">\n\t\t\t<div class=\"elementor-icon\">\n\t\t\t<svg xmlns=\"http:\/\/www.w3.org\/2000\/svg\" width=\"25\" height=\"22.222\" viewBox=\"0 0 25 22.222\"><g id=\"quote-sign_icon_violet\" data-name=\"quote-sign icon_violet\" transform=\"translate(25 22.222) rotate(180)\"><path id=\"Trazado_1450\" data-name=\"Trazado 1450\" d=\"M500.5,465.451H492.7a1.287,1.287,0,0,0-1.282,1.291v7.849a1.287,1.287,0,0,0,1.282,1.291h3.731a8.591,8.591,0,0,1-1.421,4.937,7.73,7.73,0,0,1-3.213,2.422,1.293,1.293,0,0,0-.636,1.733l.923,1.962a1.278,1.278,0,0,0,1.669.63,14.244,14.244,0,0,0,4.3-2.81,10.906,10.906,0,0,0,2.93-4.7,25.62,25.62,0,0,0,.792-7.147v-6.171A1.287,1.287,0,0,0,500.5,465.451Z\" transform=\"translate(-476.778 -465.451)\" fill=\"#a7596b\"><\/path><path id=\"Trazado_1451\" data-name=\"Trazado 1451\" d=\"M465.236,487.561a14.474,14.474,0,0,0,4.279-2.8,10.848,10.848,0,0,0,2.948-4.679,25.589,25.589,0,0,0,.792-7.165v-6.171a1.287,1.287,0,0,0-1.282-1.291H464.18a1.287,1.287,0,0,0-1.282,1.291v7.849a1.287,1.287,0,0,0,1.282,1.291h3.731a8.59,8.59,0,0,1-1.421,4.937,7.73,7.73,0,0,1-3.213,2.422,1.293,1.293,0,0,0-.636,1.733l.92,1.957A1.282,1.282,0,0,0,465.236,487.561Z\" transform=\"translate(-462.517 -465.451)\" fill=\"#a7596b\"><\/path><\/g><\/svg>\t\t\t<\/div>\n\t\t<\/div>\n\t\t\t\t\t\t<\/div>\n\t\t\t\t<\/div>\n\t\t\t\t<div class=\"elementor-element elementor-element-4374416 elementor-widget elementor-widget-text-editor\" data-id=\"4374416\" data-element_type=\"widget\" data-e-type=\"widget\" data-widget_type=\"text-editor.default\">\n\t\t\t\t<div class=\"elementor-widget-container\">\n\t\t\t\t\t\t\t\t\t<p>\u201cPer al <b>Festival Napa Valley<\/b> \u00e9s un orgull acompanyar-vos; compartim valors i visi\u00f3. Estem conven\u00e7uts que el <b><b>Raimat Arts Festival<\/b><\/b> es consolidar\u00e0 com un referent cultural a Europa.\u201d <\/p>\t\t\t\t\t\t\t\t<\/div>\n\t\t\t\t<\/div>\n\t\t\t\t<div class=\"elementor-element elementor-element-336cd3c elementor-widget__width-auto elementor-absolute elementor-view-default elementor-widget elementor-widget-icon\" data-id=\"336cd3c\" data-element_type=\"widget\" data-e-type=\"widget\" data-settings=\"{&quot;_position&quot;:&quot;absolute&quot;}\" data-widget_type=\"icon.default\">\n\t\t\t\t<div class=\"elementor-widget-container\">\n\t\t\t\t\t\t\t<div class=\"elementor-icon-wrapper\">\n\t\t\t<div class=\"elementor-icon\">\n\t\t\t<svg xmlns:inkscape=\"http:\/\/www.inkscape.org\/namespaces\/inkscape\" xmlns:sodipodi=\"http:\/\/sodipodi.sourceforge.net\/DTD\/sodipodi-0.dtd\" xmlns=\"http:\/\/www.w3.org\/2000\/svg\" xmlns:svg=\"http:\/\/www.w3.org\/2000\/svg\" width=\"28.422\" height=\"34.604\" viewBox=\"0 0 28.422 34.604\" id=\"svg7\" sodipodi:docname=\"triangulo-bocadillo.svg\" inkscape:version=\"1.2 (dc2aedaf03, 2022-05-15)\"><defs id=\"defs11\"><\/defs><g id=\"Trazado_16587\" data-name=\"Trazado 16587\" transform=\"translate(28.422 34.604) rotate(180)\" fill=\"#fff\"><path d=\"M 27.67593002319336 34.10453796386719 L 0.7458581924438477 34.10453796386719 L 14.21089363098145 1.316206574440002 L 27.67593002319336 34.10453796386719 Z\" stroke=\"none\" id=\"path2\"><\/path><path d=\"M 14.21089363098145 2.632415771484375 L 1.49171257019043 33.60453796386719 L 26.93007469177246 33.60453796386719 L 14.21089363098145 2.632415771484375 M 14.21089363098145 -3.814697265625e-06 L 28.42178344726562 34.60453796386719 L 3.814697265625e-06 34.60453796386719 L 14.21089363098145 -3.814697265625e-06 Z\" stroke=\"none\" fill=\"#e6e6e6\" id=\"path4\" style=\"fill:#ffffff\"><\/path><\/g><\/svg>\t\t\t<\/div>\n\t\t<\/div>\n\t\t\t\t\t\t<\/div>\n\t\t\t\t<\/div>\n\t\t\t\t\t<\/div>\n\t\t\t\t<\/div>\n\t\t\t\t<div class=\"elementor-element elementor-element-2ef35d5 elementor-widget elementor-widget-heading\" data-id=\"2ef35d5\" data-element_type=\"widget\" data-e-type=\"widget\" data-widget_type=\"heading.default\">\n\t\t\t\t<div class=\"elementor-widget-container\">\n\t\t\t\t\t<p class=\"elementor-heading-title elementor-size-default\">Charles Letourneau<\/p>\t\t\t\t<\/div>\n\t\t\t\t<\/div>\n\t\t\t\t<div class=\"elementor-element elementor-element-4838263 elementor-widget elementor-widget-heading\" data-id=\"4838263\" data-element_type=\"widget\" data-e-type=\"widget\" data-widget_type=\"heading.default\">\n\t\t\t\t<div class=\"elementor-widget-container\">\n\t\t\t\t\t<p class=\"elementor-heading-title elementor-size-default\">Co-fundador del Festival Napa Valley<\/p>\t\t\t\t<\/div>\n\t\t\t\t<\/div>\n\t\t\t\t\t<\/div>\n\t\t\t\t<\/div>\n\t\t<div class=\"elementor-element elementor-element-3784d34 e-flex e-con-boxed e-con e-child\" data-id=\"3784d34\" data-element_type=\"container\" data-e-type=\"container\" data-settings=\"{&quot;background_background&quot;:&quot;classic&quot;}\">\n\t\t\t\t\t<div class=\"e-con-inner\">\n\t\t<div class=\"elementor-element elementor-element-56c6fde e-flex e-con-boxed e-con e-child\" data-id=\"56c6fde\" data-element_type=\"container\" data-e-type=\"container\" data-settings=\"{&quot;background_background&quot;:&quot;classic&quot;}\">\n\t\t\t\t\t<div class=\"e-con-inner\">\n\t\t\t\t<div class=\"elementor-element elementor-element-6007840 elementor-absolute elementor-view-default elementor-widget elementor-widget-icon\" data-id=\"6007840\" data-element_type=\"widget\" data-e-type=\"widget\" data-settings=\"{&quot;_position&quot;:&quot;absolute&quot;}\" data-widget_type=\"icon.default\">\n\t\t\t\t<div class=\"elementor-widget-container\">\n\t\t\t\t\t\t\t<div class=\"elementor-icon-wrapper\">\n\t\t\t<div class=\"elementor-icon\">\n\t\t\t<svg xmlns=\"http:\/\/www.w3.org\/2000\/svg\" width=\"25\" height=\"22.222\" viewBox=\"0 0 25 22.222\"><g id=\"quote-sign_icon_violet\" data-name=\"quote-sign icon_violet\" transform=\"translate(25 22.222) rotate(180)\"><path id=\"Trazado_1450\" data-name=\"Trazado 1450\" d=\"M500.5,465.451H492.7a1.287,1.287,0,0,0-1.282,1.291v7.849a1.287,1.287,0,0,0,1.282,1.291h3.731a8.591,8.591,0,0,1-1.421,4.937,7.73,7.73,0,0,1-3.213,2.422,1.293,1.293,0,0,0-.636,1.733l.923,1.962a1.278,1.278,0,0,0,1.669.63,14.244,14.244,0,0,0,4.3-2.81,10.906,10.906,0,0,0,2.93-4.7,25.62,25.62,0,0,0,.792-7.147v-6.171A1.287,1.287,0,0,0,500.5,465.451Z\" transform=\"translate(-476.778 -465.451)\" fill=\"#a7596b\"><\/path><path id=\"Trazado_1451\" data-name=\"Trazado 1451\" d=\"M465.236,487.561a14.474,14.474,0,0,0,4.279-2.8,10.848,10.848,0,0,0,2.948-4.679,25.589,25.589,0,0,0,.792-7.165v-6.171a1.287,1.287,0,0,0-1.282-1.291H464.18a1.287,1.287,0,0,0-1.282,1.291v7.849a1.287,1.287,0,0,0,1.282,1.291h3.731a8.59,8.59,0,0,1-1.421,4.937,7.73,7.73,0,0,1-3.213,2.422,1.293,1.293,0,0,0-.636,1.733l.92,1.957A1.282,1.282,0,0,0,465.236,487.561Z\" transform=\"translate(-462.517 -465.451)\" fill=\"#a7596b\"><\/path><\/g><\/svg>\t\t\t<\/div>\n\t\t<\/div>\n\t\t\t\t\t\t<\/div>\n\t\t\t\t<\/div>\n\t\t\t\t<div class=\"elementor-element elementor-element-2783522 elementor-widget elementor-widget-text-editor\" data-id=\"2783522\" data-element_type=\"widget\" data-e-type=\"widget\" data-widget_type=\"text-editor.default\">\n\t\t\t\t<div class=\"elementor-widget-container\">\n\t\t\t\t\t\t\t\t\t<p>\u201cFelicitats per aquest gran projecte de <b>regeneraci\u00f3<b>, comprom\u00e8s amb el <b>territori<b>,<\/b><\/b><\/b><\/b> l\u2019art i l\u2019economia circular. \u00c9s un <b>festival amb prop\u00f2sit<\/b> i amb molt de futur al davant.\u201d <\/p>\t\t\t\t\t\t\t\t<\/div>\n\t\t\t\t<\/div>\n\t\t\t\t<div class=\"elementor-element elementor-element-29a73ed elementor-widget__width-auto elementor-absolute elementor-view-default elementor-widget elementor-widget-icon\" data-id=\"29a73ed\" data-element_type=\"widget\" data-e-type=\"widget\" data-settings=\"{&quot;_position&quot;:&quot;absolute&quot;}\" data-widget_type=\"icon.default\">\n\t\t\t\t<div class=\"elementor-widget-container\">\n\t\t\t\t\t\t\t<div class=\"elementor-icon-wrapper\">\n\t\t\t<div class=\"elementor-icon\">\n\t\t\t<svg xmlns:inkscape=\"http:\/\/www.inkscape.org\/namespaces\/inkscape\" xmlns:sodipodi=\"http:\/\/sodipodi.sourceforge.net\/DTD\/sodipodi-0.dtd\" xmlns=\"http:\/\/www.w3.org\/2000\/svg\" xmlns:svg=\"http:\/\/www.w3.org\/2000\/svg\" width=\"28.422\" height=\"34.604\" viewBox=\"0 0 28.422 34.604\" id=\"svg7\" sodipodi:docname=\"triangulo-bocadillo.svg\" inkscape:version=\"1.2 (dc2aedaf03, 2022-05-15)\"><defs id=\"defs11\"><\/defs><g id=\"Trazado_16587\" data-name=\"Trazado 16587\" transform=\"translate(28.422 34.604) rotate(180)\" fill=\"#fff\"><path d=\"M 27.67593002319336 34.10453796386719 L 0.7458581924438477 34.10453796386719 L 14.21089363098145 1.316206574440002 L 27.67593002319336 34.10453796386719 Z\" stroke=\"none\" id=\"path2\"><\/path><path d=\"M 14.21089363098145 2.632415771484375 L 1.49171257019043 33.60453796386719 L 26.93007469177246 33.60453796386719 L 14.21089363098145 2.632415771484375 M 14.21089363098145 -3.814697265625e-06 L 28.42178344726562 34.60453796386719 L 3.814697265625e-06 34.60453796386719 L 14.21089363098145 -3.814697265625e-06 Z\" stroke=\"none\" fill=\"#e6e6e6\" id=\"path4\" style=\"fill:#ffffff\"><\/path><\/g><\/svg>\t\t\t<\/div>\n\t\t<\/div>\n\t\t\t\t\t\t<\/div>\n\t\t\t\t<\/div>\n\t\t\t\t\t<\/div>\n\t\t\t\t<\/div>\n\t\t\t\t<div class=\"elementor-element elementor-element-18be057 elementor-widget elementor-widget-heading\" data-id=\"18be057\" data-element_type=\"widget\" data-e-type=\"widget\" data-widget_type=\"heading.default\">\n\t\t\t\t<div class=\"elementor-widget-container\">\n\t\t\t\t\t<p class=\"elementor-heading-title elementor-size-default\">Miguel Luis Lape\u00f1a<\/p>\t\t\t\t<\/div>\n\t\t\t\t<\/div>\n\t\t\t\t<div class=\"elementor-element elementor-element-7837529 elementor-widget elementor-widget-heading\" data-id=\"7837529\" data-element_type=\"widget\" data-e-type=\"widget\" data-widget_type=\"heading.default\">\n\t\t\t\t<div class=\"elementor-widget-container\">\n\t\t\t\t\t<p class=\"elementor-heading-title elementor-size-default\">Ambaixador Europeu Pacte Clim\u00e0tic<\/p>\t\t\t\t<\/div>\n\t\t\t\t<\/div>\n\t\t\t\t\t<\/div>\n\t\t\t\t<\/div>\n\t\t<div class=\"elementor-element elementor-element-fd10876 e-flex e-con-boxed e-con e-child\" data-id=\"fd10876\" data-element_type=\"container\" data-e-type=\"container\" data-settings=\"{&quot;background_background&quot;:&quot;classic&quot;}\">\n\t\t\t\t\t<div class=\"e-con-inner\">\n\t\t<div class=\"elementor-element elementor-element-8369e89 e-flex e-con-boxed e-con e-child\" data-id=\"8369e89\" data-element_type=\"container\" data-e-type=\"container\" data-settings=\"{&quot;background_background&quot;:&quot;classic&quot;}\">\n\t\t\t\t\t<div class=\"e-con-inner\">\n\t\t\t\t<div class=\"elementor-element elementor-element-846303f elementor-absolute elementor-view-default elementor-widget elementor-widget-icon\" data-id=\"846303f\" data-element_type=\"widget\" data-e-type=\"widget\" data-settings=\"{&quot;_position&quot;:&quot;absolute&quot;}\" data-widget_type=\"icon.default\">\n\t\t\t\t<div class=\"elementor-widget-container\">\n\t\t\t\t\t\t\t<div class=\"elementor-icon-wrapper\">\n\t\t\t<div class=\"elementor-icon\">\n\t\t\t<svg xmlns=\"http:\/\/www.w3.org\/2000\/svg\" width=\"25\" height=\"22.222\" viewBox=\"0 0 25 22.222\"><g id=\"quote-sign_icon_violet\" data-name=\"quote-sign icon_violet\" transform=\"translate(25 22.222) rotate(180)\"><path id=\"Trazado_1450\" data-name=\"Trazado 1450\" d=\"M500.5,465.451H492.7a1.287,1.287,0,0,0-1.282,1.291v7.849a1.287,1.287,0,0,0,1.282,1.291h3.731a8.591,8.591,0,0,1-1.421,4.937,7.73,7.73,0,0,1-3.213,2.422,1.293,1.293,0,0,0-.636,1.733l.923,1.962a1.278,1.278,0,0,0,1.669.63,14.244,14.244,0,0,0,4.3-2.81,10.906,10.906,0,0,0,2.93-4.7,25.62,25.62,0,0,0,.792-7.147v-6.171A1.287,1.287,0,0,0,500.5,465.451Z\" transform=\"translate(-476.778 -465.451)\" fill=\"#a7596b\"><\/path><path id=\"Trazado_1451\" data-name=\"Trazado 1451\" d=\"M465.236,487.561a14.474,14.474,0,0,0,4.279-2.8,10.848,10.848,0,0,0,2.948-4.679,25.589,25.589,0,0,0,.792-7.165v-6.171a1.287,1.287,0,0,0-1.282-1.291H464.18a1.287,1.287,0,0,0-1.282,1.291v7.849a1.287,1.287,0,0,0,1.282,1.291h3.731a8.59,8.59,0,0,1-1.421,4.937,7.73,7.73,0,0,1-3.213,2.422,1.293,1.293,0,0,0-.636,1.733l.92,1.957A1.282,1.282,0,0,0,465.236,487.561Z\" transform=\"translate(-462.517 -465.451)\" fill=\"#a7596b\"><\/path><\/g><\/svg>\t\t\t<\/div>\n\t\t<\/div>\n\t\t\t\t\t\t<\/div>\n\t\t\t\t<\/div>\n\t\t\t\t<div class=\"elementor-element elementor-element-2e01565 elementor-widget__width-initial elementor-widget elementor-widget-text-editor\" data-id=\"2e01565\" data-element_type=\"widget\" data-e-type=\"widget\" data-widget_type=\"text-editor.default\">\n\t\t\t\t<div class=\"elementor-widget-container\">\n\t\t\t\t\t\t\t\t\t<p> <\/p><p><br>\u201cDespr\u00e9s d\u2019anys de carrera internacional, per a mi \u00e9s un immens plaer tornar a casa, a la Lleida rural de sec\u00e0 i regadiu d\u2019on s\u00f3c filla, per celebrar les meves arrels i compartir. El regal \u00e9s doble en poder fer-ho de la m\u00e0 d\u2019<b>un projecte com el Raimat Arts Festival, amb el qual connecto plenament pels seus valors i objectius<b>.\u201d<\/b><\/b> <\/p>\t\t\t\t\t\t\t\t<\/div>\n\t\t\t\t<\/div>\n\t\t\t\t<div class=\"elementor-element elementor-element-d13260f elementor-widget__width-auto elementor-absolute elementor-view-default elementor-widget elementor-widget-icon\" data-id=\"d13260f\" data-element_type=\"widget\" data-e-type=\"widget\" data-settings=\"{&quot;_position&quot;:&quot;absolute&quot;}\" data-widget_type=\"icon.default\">\n\t\t\t\t<div class=\"elementor-widget-container\">\n\t\t\t\t\t\t\t<div class=\"elementor-icon-wrapper\">\n\t\t\t<div class=\"elementor-icon\">\n\t\t\t<svg xmlns:inkscape=\"http:\/\/www.inkscape.org\/namespaces\/inkscape\" xmlns:sodipodi=\"http:\/\/sodipodi.sourceforge.net\/DTD\/sodipodi-0.dtd\" xmlns=\"http:\/\/www.w3.org\/2000\/svg\" xmlns:svg=\"http:\/\/www.w3.org\/2000\/svg\" width=\"28.422\" height=\"34.604\" viewBox=\"0 0 28.422 34.604\" id=\"svg7\" sodipodi:docname=\"triangulo-bocadillo.svg\" inkscape:version=\"1.2 (dc2aedaf03, 2022-05-15)\"><defs id=\"defs11\"><\/defs><g id=\"Trazado_16587\" data-name=\"Trazado 16587\" transform=\"translate(28.422 34.604) rotate(180)\" fill=\"#fff\"><path d=\"M 27.67593002319336 34.10453796386719 L 0.7458581924438477 34.10453796386719 L 14.21089363098145 1.316206574440002 L 27.67593002319336 34.10453796386719 Z\" stroke=\"none\" id=\"path2\"><\/path><path d=\"M 14.21089363098145 2.632415771484375 L 1.49171257019043 33.60453796386719 L 26.93007469177246 33.60453796386719 L 14.21089363098145 2.632415771484375 M 14.21089363098145 -3.814697265625e-06 L 28.42178344726562 34.60453796386719 L 3.814697265625e-06 34.60453796386719 L 14.21089363098145 -3.814697265625e-06 Z\" stroke=\"none\" fill=\"#e6e6e6\" id=\"path4\" style=\"fill:#ffffff\"><\/path><\/g><\/svg>\t\t\t<\/div>\n\t\t<\/div>\n\t\t\t\t\t\t<\/div>\n\t\t\t\t<\/div>\n\t\t\t\t\t<\/div>\n\t\t\t\t<\/div>\n\t\t\t\t<div class=\"elementor-element elementor-element-204d59b elementor-widget elementor-widget-heading\" data-id=\"204d59b\" data-element_type=\"widget\" data-e-type=\"widget\" data-widget_type=\"heading.default\">\n\t\t\t\t<div class=\"elementor-widget-container\">\n\t\t\t\t\t<p class=\"elementor-heading-title elementor-size-default\">Lara Costafreda<\/p>\t\t\t\t<\/div>\n\t\t\t\t<\/div>\n\t\t\t\t<div class=\"elementor-element elementor-element-065e65e elementor-widget elementor-widget-heading\" data-id=\"065e65e\" data-element_type=\"widget\" data-e-type=\"widget\" data-widget_type=\"heading.default\">\n\t\t\t\t<div class=\"elementor-widget-container\">\n\t\t\t\t\t<p class=\"elementor-heading-title elementor-size-default\">Dissenyadora internacional i autora del cartell oficial del Raimat Arts Festival<\/p>\t\t\t\t<\/div>\n\t\t\t\t<\/div>\n\t\t\t\t\t<\/div>\n\t\t\t\t<\/div>\n\t\t\t\t\t<\/div>\n\t\t\t\t<\/div>\n\t\t<div class=\"elementor-element elementor-element-9573c80 e-flex e-con-boxed e-con e-parent\" data-id=\"9573c80\" data-element_type=\"container\" data-e-type=\"container\">\n\t\t\t\t\t<div class=\"e-con-inner\">\n\t\t<div class=\"elementor-element elementor-element-9fa109c e-con-full e-flex e-con e-child\" data-id=\"9fa109c\" data-element_type=\"container\" data-e-type=\"container\">\n\t\t\t\t<div class=\"elementor-element elementor-element-ed323cb elementor-widget__width-auto elementor-widget elementor-widget-image\" data-id=\"ed323cb\" data-element_type=\"widget\" data-e-type=\"widget\" data-widget_type=\"image.default\">\n\t\t\t\t<div class=\"elementor-widget-container\">\n\t\t\t\t\t\t\t\t\t\t\t\t\t\t\t<img decoding=\"async\" src=\"https:\/\/raimatartsfestival.org\/wp-content\/uploads\/2022\/07\/tanino.svg\" class=\"attachment-full size-full wp-image-1901\" alt=\"\" \/>\t\t\t\t\t\t\t\t\t\t\t\t\t\t\t<\/div>\n\t\t\t\t<\/div>\n\t\t\t\t<div class=\"elementor-element elementor-element-1cfad1b elementor-widget__width-auto elementor-widget elementor-widget-heading\" data-id=\"1cfad1b\" data-element_type=\"widget\" data-e-type=\"widget\" data-widget_type=\"heading.default\">\n\t\t\t\t<div class=\"elementor-widget-container\">\n\t\t\t\t\t<h2 class=\"elementor-heading-title elementor-size-default\">El Festival<\/h2>\t\t\t\t<\/div>\n\t\t\t\t<\/div>\n\t\t\t\t<div class=\"elementor-element elementor-element-22f9d7a elementor-widget elementor-widget-text-editor\" data-id=\"22f9d7a\" data-element_type=\"widget\" data-e-type=\"widget\" data-widget_type=\"text-editor.default\">\n\t\t\t\t<div class=\"elementor-widget-container\">\n\t\t\t\t\t\t\t\t\t<p>Durant 4 dies, del 2 al 5 d\u2019octubre, artistes de refer\u00e8ncia i nous talents es donen cita entre vinyes, al Castell o a l\u2019Esgl\u00e9sia de Raimat. El Raimat Arts Festival \u00e9s una experi\u00e8ncia \u00edntima, inspiradora i multisensorial, amb m\u00fasica cl\u00e0ssica, tastos de vi i gastronomia local. La iniciativa Taste of Lleida, nascuda del festival, rendeix homenatge als productes de proximitat, donant visibilitat als productors que aposten per la qualitat, la innovaci\u00f3 i el territori.  <\/p>\t\t\t\t\t\t\t\t<\/div>\n\t\t\t\t<\/div>\n\t\t\t\t<div class=\"elementor-element elementor-element-8341f57 elementor-mobile-align-left elementor-widget elementor-widget-button\" data-id=\"8341f57\" data-element_type=\"widget\" data-e-type=\"widget\" data-widget_type=\"button.default\">\n\t\t\t\t<div class=\"elementor-widget-container\">\n\t\t\t\t\t\t\t\t\t<div class=\"elementor-button-wrapper\">\n\t\t\t\t\t<a class=\"elementor-button elementor-button-link elementor-size-sm\" href=\"https:\/\/raimatartsfestival.org\/ca\/programa\/\">\n\t\t\t\t\t\t<span class=\"elementor-button-content-wrapper\">\n\t\t\t\t\t\t\t\t\t<span class=\"elementor-button-text\">Descobreix el programa<\/span>\n\t\t\t\t\t<\/span>\n\t\t\t\t\t<\/a>\n\t\t\t\t<\/div>\n\t\t\t\t\t\t\t\t<\/div>\n\t\t\t\t<\/div>\n\t\t\t\t<div class=\"elementor-element elementor-element-f474eaa elementor-widget__width-initial elementor-absolute elementor-widget-tablet__width-auto elementor-widget elementor-widget-image\" data-id=\"f474eaa\" data-element_type=\"widget\" data-e-type=\"widget\" data-settings=\"{&quot;_position&quot;:&quot;absolute&quot;}\" data-widget_type=\"image.default\">\n\t\t\t\t<div class=\"elementor-widget-container\">\n\t\t\t\t\t\t\t\t\t\t\t\t\t\t\t<img loading=\"lazy\" decoding=\"async\" width=\"554\" height=\"386\" src=\"https:\/\/raimatartsfestival.org\/wp-content\/uploads\/2025\/04\/festival_uvas3.png\" class=\"attachment-full size-full wp-image-9231\" alt=\"\" srcset=\"https:\/\/raimatartsfestival.org\/wp-content\/uploads\/2025\/04\/festival_uvas3.png 554w, https:\/\/raimatartsfestival.org\/wp-content\/uploads\/2025\/04\/festival_uvas3-300x209.png 300w\" sizes=\"(max-width: 554px) 100vw, 554px\" \/>\t\t\t\t\t\t\t\t\t\t\t\t\t\t\t<\/div>\n\t\t\t\t<\/div>\n\t\t\t\t<div class=\"elementor-element elementor-element-54590bd elementor-widget__width-initial elementor-absolute elementor-widget-tablet__width-auto elementor-widget elementor-widget-image\" data-id=\"54590bd\" data-element_type=\"widget\" data-e-type=\"widget\" data-settings=\"{&quot;_position&quot;:&quot;absolute&quot;}\" data-widget_type=\"image.default\">\n\t\t\t\t<div class=\"elementor-widget-container\">\n\t\t\t\t\t\t\t\t\t\t\t\t\t\t\t<img loading=\"lazy\" decoding=\"async\" width=\"250\" height=\"185\" src=\"https:\/\/raimatartsfestival.org\/wp-content\/uploads\/2025\/04\/uvas_fundacion1.png\" class=\"attachment-full size-full wp-image-8978\" alt=\"\" \/>\t\t\t\t\t\t\t\t\t\t\t\t\t\t\t<\/div>\n\t\t\t\t<\/div>\n\t\t\t\t<\/div>\n\t\t<div class=\"elementor-element elementor-element-4306906 e-con-full e-flex e-con e-child\" data-id=\"4306906\" data-element_type=\"container\" data-e-type=\"container\" data-settings=\"{&quot;background_background&quot;:&quot;classic&quot;}\">\n\t\t\t\t<div class=\"elementor-element elementor-element-0bbb057 elementor-widget elementor-widget-image\" data-id=\"0bbb057\" data-element_type=\"widget\" data-e-type=\"widget\" data-widget_type=\"image.default\">\n\t\t\t\t<div class=\"elementor-widget-container\">\n\t\t\t\t\t\t\t\t\t\t\t\t\t\t\t<img loading=\"lazy\" decoding=\"async\" width=\"2000\" height=\"1331\" src=\"https:\/\/raimatartsfestival.org\/wp-content\/uploads\/2024\/10\/1a80f3a6-581c-44ec-8ca6-a0bc0361ec0f.jpg\" class=\"attachment-full size-full wp-image-8229\" alt=\"\" srcset=\"https:\/\/raimatartsfestival.org\/wp-content\/uploads\/2024\/10\/1a80f3a6-581c-44ec-8ca6-a0bc0361ec0f.jpg 2000w, https:\/\/raimatartsfestival.org\/wp-content\/uploads\/2024\/10\/1a80f3a6-581c-44ec-8ca6-a0bc0361ec0f-300x200.jpg 300w, https:\/\/raimatartsfestival.org\/wp-content\/uploads\/2024\/10\/1a80f3a6-581c-44ec-8ca6-a0bc0361ec0f-1024x681.jpg 1024w, https:\/\/raimatartsfestival.org\/wp-content\/uploads\/2024\/10\/1a80f3a6-581c-44ec-8ca6-a0bc0361ec0f-768x511.jpg 768w, https:\/\/raimatartsfestival.org\/wp-content\/uploads\/2024\/10\/1a80f3a6-581c-44ec-8ca6-a0bc0361ec0f-1536x1022.jpg 1536w\" sizes=\"(max-width: 2000px) 100vw, 2000px\" \/>\t\t\t\t\t\t\t\t\t\t\t\t\t\t\t<\/div>\n\t\t\t\t<\/div>\n\t\t\t\t<div class=\"elementor-element elementor-element-e8c9144 elementor-absolute elementor-widget elementor-widget-image\" data-id=\"e8c9144\" data-element_type=\"widget\" data-e-type=\"widget\" data-settings=\"{&quot;_position&quot;:&quot;absolute&quot;}\" data-widget_type=\"image.default\">\n\t\t\t\t<div class=\"elementor-widget-container\">\n\t\t\t\t\t\t\t\t\t\t\t\t\t\t\t<img loading=\"lazy\" decoding=\"async\" width=\"734\" height=\"345\" src=\"https:\/\/raimatartsfestival.org\/wp-content\/uploads\/2025\/04\/festival_mancha1.png\" class=\"attachment-full size-full wp-image-9234\" alt=\"\" srcset=\"https:\/\/raimatartsfestival.org\/wp-content\/uploads\/2025\/04\/festival_mancha1.png 734w, https:\/\/raimatartsfestival.org\/wp-content\/uploads\/2025\/04\/festival_mancha1-300x141.png 300w\" sizes=\"(max-width: 734px) 100vw, 734px\" \/>\t\t\t\t\t\t\t\t\t\t\t\t\t\t\t<\/div>\n\t\t\t\t<\/div>\n\t\t\t\t<\/div>\n\t\t\t\t\t<\/div>\n\t\t\t\t<\/div>\n\t\t<div class=\"elementor-element elementor-element-1f5bcf4 e-flex e-con-boxed e-con e-parent\" data-id=\"1f5bcf4\" data-element_type=\"container\" data-e-type=\"container\">\n\t\t\t\t\t<div class=\"e-con-inner\">\n\t\t<div class=\"elementor-element elementor-element-4f7430c e-con-full e-flex e-con e-child\" data-id=\"4f7430c\" data-element_type=\"container\" data-e-type=\"container\">\n\t\t\t\t<div class=\"elementor-element elementor-element-aa0b130 elementor-widget elementor-widget-image\" data-id=\"aa0b130\" data-element_type=\"widget\" data-e-type=\"widget\" data-widget_type=\"image.default\">\n\t\t\t\t<div class=\"elementor-widget-container\">\n\t\t\t\t\t\t\t\t\t\t\t\t\t\t\t<img loading=\"lazy\" decoding=\"async\" width=\"546\" height=\"708\" src=\"https:\/\/raimatartsfestival.org\/wp-content\/uploads\/2024\/04\/home-castillo.jpg\" class=\"attachment-full size-full wp-image-6009\" alt=\"\" srcset=\"https:\/\/raimatartsfestival.org\/wp-content\/uploads\/2024\/04\/home-castillo.jpg 546w, https:\/\/raimatartsfestival.org\/wp-content\/uploads\/2024\/04\/home-castillo-231x300.jpg 231w\" sizes=\"(max-width: 546px) 100vw, 546px\" \/>\t\t\t\t\t\t\t\t\t\t\t\t\t\t\t<\/div>\n\t\t\t\t<\/div>\n\t\t\t\t<\/div>\n\t\t<div class=\"elementor-element elementor-element-30dc5bf e-con-full e-flex e-con e-child\" data-id=\"30dc5bf\" data-element_type=\"container\" data-e-type=\"container\">\n\t\t\t\t<div class=\"elementor-element elementor-element-baf4e81 elementor-widget__width-auto elementor-widget elementor-widget-image\" data-id=\"baf4e81\" data-element_type=\"widget\" data-e-type=\"widget\" data-widget_type=\"image.default\">\n\t\t\t\t<div class=\"elementor-widget-container\">\n\t\t\t\t\t\t\t\t\t\t\t\t\t\t\t<img decoding=\"async\" src=\"https:\/\/raimatartsfestival.org\/wp-content\/uploads\/2022\/07\/tanino.svg\" class=\"attachment-full size-full wp-image-1901\" alt=\"\" \/>\t\t\t\t\t\t\t\t\t\t\t\t\t\t\t<\/div>\n\t\t\t\t<\/div>\n\t\t\t\t<div class=\"elementor-element elementor-element-cb2ff88 elementor-widget elementor-widget-heading\" data-id=\"cb2ff88\" data-element_type=\"widget\" data-e-type=\"widget\" data-widget_type=\"heading.default\">\n\t\t\t\t<div class=\"elementor-widget-container\">\n\t\t\t\t\t<h2 class=\"elementor-heading-title elementor-size-default\">L'Impacte<\/h2>\t\t\t\t<\/div>\n\t\t\t\t<\/div>\n\t\t\t\t<div class=\"elementor-element elementor-element-c0294b6 elementor-widget elementor-widget-text-editor\" data-id=\"c0294b6\" data-element_type=\"widget\" data-e-type=\"widget\" data-widget_type=\"text-editor.default\">\n\t\t\t\t<div class=\"elementor-widget-container\">\n\t\t\t\t\t\t\t\t\t<p>El festival reinverteix en la seva comunitat a trav\u00e9s de projectes amb impacte social, ambiental i econ\u00f2mic, com la formaci\u00f3 de tractoristes, la mesura de la petjada h\u00eddrica i aliances amb projectes que restauren ecosistemes. Assistir al festival \u00e9s formar part activa d\u2019un moviment de transformaci\u00f3 positiva. <\/p>\t\t\t\t\t\t\t\t<\/div>\n\t\t\t\t<\/div>\n\t\t\t\t<div class=\"elementor-element elementor-element-7f7e26e elementor-absolute elementor-widget elementor-widget-image\" data-id=\"7f7e26e\" data-element_type=\"widget\" data-e-type=\"widget\" data-settings=\"{&quot;_position&quot;:&quot;absolute&quot;}\" data-widget_type=\"image.default\">\n\t\t\t\t<div class=\"elementor-widget-container\">\n\t\t\t\t\t\t\t\t\t\t\t\t\t\t\t<img loading=\"lazy\" decoding=\"async\" width=\"512\" height=\"525\" src=\"https:\/\/raimatartsfestival.org\/wp-content\/uploads\/2025\/04\/uvas_impacto2.png\" class=\"attachment-full size-full wp-image-9147\" alt=\"\" srcset=\"https:\/\/raimatartsfestival.org\/wp-content\/uploads\/2025\/04\/uvas_impacto2.png 512w, https:\/\/raimatartsfestival.org\/wp-content\/uploads\/2025\/04\/uvas_impacto2-293x300.png 293w\" sizes=\"(max-width: 512px) 100vw, 512px\" \/>\t\t\t\t\t\t\t\t\t\t\t\t\t\t\t<\/div>\n\t\t\t\t<\/div>\n\t\t\t\t<div class=\"elementor-element elementor-element-ecb10aa elementor-mobile-align-left elementor-widget elementor-widget-button\" data-id=\"ecb10aa\" data-element_type=\"widget\" data-e-type=\"widget\" data-widget_type=\"button.default\">\n\t\t\t\t<div class=\"elementor-widget-container\">\n\t\t\t\t\t\t\t\t\t<div class=\"elementor-button-wrapper\">\n\t\t\t\t\t<a class=\"elementor-button elementor-button-link elementor-size-sm\" href=\"https:\/\/raimatartsfestival.org\/ca\/impacte\/\">\n\t\t\t\t\t\t<span class=\"elementor-button-content-wrapper\">\n\t\t\t\t\t\t\t\t\t<span class=\"elementor-button-text\">Descobreix l'impacte<\/span>\n\t\t\t\t\t<\/span>\n\t\t\t\t\t<\/a>\n\t\t\t\t<\/div>\n\t\t\t\t\t\t\t\t<\/div>\n\t\t\t\t<\/div>\n\t\t\t\t<div class=\"elementor-element elementor-element-bf4d358 elementor-widget elementor-widget-spacer\" data-id=\"bf4d358\" data-element_type=\"widget\" data-e-type=\"widget\" data-widget_type=\"spacer.default\">\n\t\t\t\t<div class=\"elementor-widget-container\">\n\t\t\t\t\t\t\t<div class=\"elementor-spacer\">\n\t\t\t<div class=\"elementor-spacer-inner\"><\/div>\n\t\t<\/div>\n\t\t\t\t\t\t<\/div>\n\t\t\t\t<\/div>\n\t\t\t\t<\/div>\n\t\t\t\t\t<\/div>\n\t\t\t\t<\/div>\n\t\t<div class=\"elementor-element elementor-element-38a22b3 e-flex e-con-boxed e-con e-parent\" data-id=\"38a22b3\" data-element_type=\"container\" data-e-type=\"container\">\n\t\t\t\t\t<div class=\"e-con-inner\">\n\t\t<div class=\"elementor-element elementor-element-ac1f6fd e-con-full e-flex e-con e-child\" data-id=\"ac1f6fd\" data-element_type=\"container\" data-e-type=\"container\">\n\t\t\t\t<div class=\"elementor-element elementor-element-9815021 elementor-widget__width-auto elementor-widget elementor-widget-image\" data-id=\"9815021\" data-element_type=\"widget\" data-e-type=\"widget\" data-widget_type=\"image.default\">\n\t\t\t\t<div class=\"elementor-widget-container\">\n\t\t\t\t\t\t\t\t\t\t\t\t\t\t\t<img decoding=\"async\" src=\"https:\/\/raimatartsfestival.org\/wp-content\/uploads\/2022\/07\/tanino.svg\" class=\"attachment-full size-full wp-image-1901\" alt=\"\" \/>\t\t\t\t\t\t\t\t\t\t\t\t\t\t\t<\/div>\n\t\t\t\t<\/div>\n\t\t\t\t<div class=\"elementor-element elementor-element-47f3a6e elementor-widget elementor-widget-heading\" data-id=\"47f3a6e\" data-element_type=\"widget\" data-e-type=\"widget\" data-widget_type=\"heading.default\">\n\t\t\t\t<div class=\"elementor-widget-container\">\n\t\t\t\t\t<h2 class=\"elementor-heading-title elementor-size-default\">La Fundaci\u00f3<\/h2>\t\t\t\t<\/div>\n\t\t\t\t<\/div>\n\t\t\t\t<div class=\"elementor-element elementor-element-7ace254 elementor-widget__width-initial elementor-widget elementor-widget-text-editor\" data-id=\"7ace254\" data-element_type=\"widget\" data-e-type=\"widget\" data-widget_type=\"text-editor.default\">\n\t\t\t\t<div class=\"elementor-widget-container\">\n\t\t\t\t\t\t\t\t\t<p>La <strong>Fundaci\u00f3 Comunit\u00e0ria Raimat Lleida<\/strong> \u00e9s el cor del festival, escoltant la comunitat, connectant persones i recursos, activant la filantropia local i donant suport a projectes que generen oportunitats reals. Gr\u00e0cies a ella, la cultura es converteix en motor de transformaci\u00f3. <\/p>\t\t\t\t\t\t\t\t<\/div>\n\t\t\t\t<\/div>\n\t\t\t\t<div class=\"elementor-element elementor-element-6835200 elementor-absolute elementor-widget elementor-widget-image\" data-id=\"6835200\" data-element_type=\"widget\" data-e-type=\"widget\" data-settings=\"{&quot;_position&quot;:&quot;absolute&quot;}\" data-widget_type=\"image.default\">\n\t\t\t\t<div class=\"elementor-widget-container\">\n\t\t\t\t\t\t\t\t\t\t\t\t\t\t\t<img loading=\"lazy\" decoding=\"async\" width=\"620\" height=\"456\" src=\"https:\/\/raimatartsfestival.org\/wp-content\/uploads\/2025\/04\/festival_uvas5.png\" class=\"attachment-full size-full wp-image-9243\" alt=\"\" srcset=\"https:\/\/raimatartsfestival.org\/wp-content\/uploads\/2025\/04\/festival_uvas5.png 620w, https:\/\/raimatartsfestival.org\/wp-content\/uploads\/2025\/04\/festival_uvas5-300x221.png 300w\" sizes=\"(max-width: 620px) 100vw, 620px\" \/>\t\t\t\t\t\t\t\t\t\t\t\t\t\t\t<\/div>\n\t\t\t\t<\/div>\n\t\t\t\t<div class=\"elementor-element elementor-element-ed362da elementor-mobile-align-left elementor-widget elementor-widget-button\" data-id=\"ed362da\" data-element_type=\"widget\" data-e-type=\"widget\" data-widget_type=\"button.default\">\n\t\t\t\t<div class=\"elementor-widget-container\">\n\t\t\t\t\t\t\t\t\t<div class=\"elementor-button-wrapper\">\n\t\t\t\t\t<a class=\"elementor-button elementor-button-link elementor-size-sm\" href=\"https:\/\/raimatartsfestival.org\/ca\/fundacio\/\">\n\t\t\t\t\t\t<span class=\"elementor-button-content-wrapper\">\n\t\t\t\t\t\t\t\t\t<span class=\"elementor-button-text\">Dona suport a la Fundaci\u00f3<\/span>\n\t\t\t\t\t<\/span>\n\t\t\t\t\t<\/a>\n\t\t\t\t<\/div>\n\t\t\t\t\t\t\t\t<\/div>\n\t\t\t\t<\/div>\n\t\t\t\t<\/div>\n\t\t<div class=\"elementor-element elementor-element-13e9d30 e-con-full e-flex e-con e-child\" data-id=\"13e9d30\" data-element_type=\"container\" data-e-type=\"container\">\n\t\t\t\t<div class=\"elementor-element elementor-element-622b35e elementor-widget elementor-widget-spacer\" data-id=\"622b35e\" data-element_type=\"widget\" data-e-type=\"widget\" data-widget_type=\"spacer.default\">\n\t\t\t\t<div class=\"elementor-widget-container\">\n\t\t\t\t\t\t\t<div class=\"elementor-spacer\">\n\t\t\t<div class=\"elementor-spacer-inner\"><\/div>\n\t\t<\/div>\n\t\t\t\t\t\t<\/div>\n\t\t\t\t<\/div>\n\t\t\t\t<div class=\"elementor-element elementor-element-1c379d6 elementor-arrows-position-inside elementor-widget elementor-widget-image-carousel\" data-id=\"1c379d6\" data-element_type=\"widget\" data-e-type=\"widget\" data-settings=\"{&quot;slides_to_show&quot;:&quot;2&quot;,&quot;navigation&quot;:&quot;arrows&quot;,&quot;image_spacing_custom&quot;:{&quot;unit&quot;:&quot;px&quot;,&quot;size&quot;:25,&quot;sizes&quot;:[]},&quot;slides_to_show_tablet&quot;:&quot;1&quot;,&quot;slides_to_scroll&quot;:&quot;1&quot;,&quot;autoplay_speed&quot;:3000,&quot;autoplay&quot;:&quot;yes&quot;,&quot;pause_on_hover&quot;:&quot;yes&quot;,&quot;pause_on_interaction&quot;:&quot;yes&quot;,&quot;infinite&quot;:&quot;yes&quot;,&quot;speed&quot;:500}\" data-widget_type=\"image-carousel.default\">\n\t\t\t\t<div class=\"elementor-widget-container\">\n\t\t\t\t\t\t\t<div class=\"elementor-image-carousel-wrapper swiper\" role=\"region\" aria-roledescription=\"carousel\" aria-label=\"Carrusel de im\u00e1genes\" dir=\"ltr\">\n\t\t\t<div class=\"elementor-image-carousel swiper-wrapper swiper-image-stretch\" aria-live=\"off\">\n\t\t\t\t\t\t\t\t<div class=\"swiper-slide\" role=\"group\" aria-roledescription=\"slide\" aria-label=\"1 de 4\"><figure class=\"swiper-slide-inner\"><img decoding=\"async\" class=\"swiper-slide-image\" src=\"https:\/\/raimatartsfestival.org\/wp-content\/uploads\/2024\/04\/01a-Promocion-Formacion-de-tractoristas.webp\" alt=\"1\u00aa Promocio\u0301n Formacio\u0301n de tractoristas\" \/><figcaption class=\"elementor-image-carousel-caption\">1\u00aa Promocio\u0301n Formacio\u0301n de tractoristas<\/figcaption><\/figure><\/div><div class=\"swiper-slide\" role=\"group\" aria-roledescription=\"slide\" aria-label=\"2 de 4\"><figure class=\"swiper-slide-inner\"><img decoding=\"async\" class=\"swiper-slide-image\" src=\"https:\/\/raimatartsfestival.org\/wp-content\/uploads\/2024\/04\/Becas-a-mujeres-artistas.webp\" alt=\"Becas a mujeres artistas\" \/><figcaption class=\"elementor-image-carousel-caption\">Becas a mujeres artistas<\/figcaption><\/figure><\/div><div class=\"swiper-slide\" role=\"group\" aria-roledescription=\"slide\" aria-label=\"3 de 4\"><figure class=\"swiper-slide-inner\"><img decoding=\"async\" class=\"swiper-slide-image\" src=\"https:\/\/raimatartsfestival.org\/wp-content\/uploads\/2024\/04\/02o-promocion-formacion-de-tractoristas.webp\" alt=\"2\u00aa Promocio\u0301n formacio\u0301n de tractoristas\" \/><figcaption class=\"elementor-image-carousel-caption\">2\u00aa Promocio\u0301n formacio\u0301n de tractoristas<\/figcaption><\/figure><\/div><div class=\"swiper-slide\" role=\"group\" aria-roledescription=\"slide\" aria-label=\"4 de 4\"><figure class=\"swiper-slide-inner\"><img decoding=\"async\" class=\"swiper-slide-image\" src=\"https:\/\/raimatartsfestival.org\/wp-content\/uploads\/2024\/04\/Premios-Talento-Joven-ODS-Lleida.webp\" alt=\"Premios Talento Jo\u0301ven ODS Lleida\" \/><figcaption class=\"elementor-image-carousel-caption\">Premios Talento Jo\u0301ven ODS Lleida<\/figcaption><\/figure><\/div>\t\t\t<\/div>\n\t\t\t\t\t\t\t\t\t\t\t\t<div class=\"elementor-swiper-button elementor-swiper-button-prev\" role=\"button\" tabindex=\"0\">\n\t\t\t\t\t\t<svg aria-hidden=\"true\" class=\"e-font-icon-svg e-fas-long-arrow-alt-left\" viewBox=\"0 0 448 512\" xmlns=\"http:\/\/www.w3.org\/2000\/svg\"><path d=\"M134.059 296H436c6.627 0 12-5.373 12-12v-56c0-6.627-5.373-12-12-12H134.059v-46.059c0-21.382-25.851-32.09-40.971-16.971L7.029 239.029c-9.373 9.373-9.373 24.569 0 33.941l86.059 86.059c15.119 15.119 40.971 4.411 40.971-16.971V296z\"><\/path><\/svg>\t\t\t\t\t<\/div>\n\t\t\t\t\t<div class=\"elementor-swiper-button elementor-swiper-button-next\" role=\"button\" tabindex=\"0\">\n\t\t\t\t\t\t<svg aria-hidden=\"true\" class=\"e-font-icon-svg e-fas-long-arrow-alt-right\" viewBox=\"0 0 448 512\" xmlns=\"http:\/\/www.w3.org\/2000\/svg\"><path d=\"M313.941 216H12c-6.627 0-12 5.373-12 12v56c0 6.627 5.373 12 12 12h301.941v46.059c0 21.382 25.851 32.09 40.971 16.971l86.059-86.059c9.373-9.373 9.373-24.569 0-33.941l-86.059-86.059c-15.119-15.119-40.971-4.411-40.971 16.971V216z\"><\/path><\/svg>\t\t\t\t\t<\/div>\n\t\t\t\t\n\t\t\t\t\t\t\t\t\t<\/div>\n\t\t\t\t\t\t<\/div>\n\t\t\t\t<\/div>\n\t\t\t\t<\/div>\n\t\t\t\t\t<\/div>\n\t\t\t\t<\/div>\n\t\t<div class=\"elementor-element elementor-element-be2d9ff elementor-hidden-mobile e-flex e-con-boxed e-con e-parent\" data-id=\"be2d9ff\" data-element_type=\"container\" data-e-type=\"container\" data-settings=\"{&quot;background_background&quot;:&quot;classic&quot;}\">\n\t\t\t\t\t<div class=\"e-con-inner\">\n\t\t\t\t<div class=\"elementor-element elementor-element-acf9ece elementor-arrows-position-inside elementor-widget elementor-widget-image-carousel\" data-id=\"acf9ece\" data-element_type=\"widget\" data-e-type=\"widget\" data-settings=\"{&quot;slides_to_show&quot;:&quot;4&quot;,&quot;navigation&quot;:&quot;arrows&quot;,&quot;image_spacing_custom&quot;:{&quot;unit&quot;:&quot;px&quot;,&quot;size&quot;:25,&quot;sizes&quot;:[]},&quot;slides_to_show_mobile&quot;:&quot;1&quot;,&quot;slides_to_show_tablet&quot;:&quot;2&quot;,&quot;autoplay&quot;:&quot;yes&quot;,&quot;pause_on_hover&quot;:&quot;yes&quot;,&quot;pause_on_interaction&quot;:&quot;yes&quot;,&quot;autoplay_speed&quot;:5000,&quot;infinite&quot;:&quot;yes&quot;,&quot;speed&quot;:500,&quot;image_spacing_custom_tablet&quot;:{&quot;unit&quot;:&quot;px&quot;,&quot;size&quot;:&quot;&quot;,&quot;sizes&quot;:[]}}\" data-widget_type=\"image-carousel.default\">\n\t\t\t\t<div class=\"elementor-widget-container\">\n\t\t\t\t\t\t\t<div class=\"elementor-image-carousel-wrapper swiper\" role=\"region\" aria-roledescription=\"carousel\" aria-label=\"Carrusel de im\u00e1genes\" dir=\"ltr\">\n\t\t\t<div class=\"elementor-image-carousel swiper-wrapper swiper-image-stretch\" aria-live=\"off\">\n\t\t\t\t\t\t\t\t<div class=\"swiper-slide\" role=\"group\" aria-roledescription=\"slide\" aria-label=\"1 de 4\"><figure class=\"swiper-slide-inner\"><img decoding=\"async\" class=\"swiper-slide-image\" src=\"https:\/\/raimatartsfestival.org\/wp-content\/uploads\/2024\/10\/RAF2024-@I-Light-U-0091-baixa.jpg\" alt=\"RAF2024-@I-Light-U-0091-baixa\" \/><\/figure><\/div><div class=\"swiper-slide\" role=\"group\" aria-roledescription=\"slide\" aria-label=\"2 de 4\"><figure class=\"swiper-slide-inner\"><img decoding=\"async\" class=\"swiper-slide-image\" src=\"https:\/\/raimatartsfestival.org\/wp-content\/uploads\/2024\/10\/0b0c226c-e4f7-4d20-a596-8f6a8b4ba8c2.jpg\" alt=\"0b0c226c-e4f7-4d20-a596-8f6a8b4ba8c2\" \/><\/figure><\/div><div class=\"swiper-slide\" role=\"group\" aria-roledescription=\"slide\" aria-label=\"3 de 4\"><figure class=\"swiper-slide-inner\"><img decoding=\"async\" class=\"swiper-slide-image\" src=\"https:\/\/raimatartsfestival.org\/wp-content\/uploads\/2024\/10\/RAF2024-@I-Light-U-1182-baixa.jpg\" alt=\"RAF2024-@I-Light-U-1182-baixa\" \/><\/figure><\/div><div class=\"swiper-slide\" role=\"group\" aria-roledescription=\"slide\" aria-label=\"4 de 4\"><figure class=\"swiper-slide-inner\"><img decoding=\"async\" class=\"swiper-slide-image\" src=\"https:\/\/raimatartsfestival.org\/wp-content\/uploads\/2024\/10\/RAF2024-@I-Light-U-0989-baixa.jpg\" alt=\"RAF2024-@I-Light-U-0989-baixa\" \/><\/figure><\/div>\t\t\t<\/div>\n\t\t\t\t\t\t\t\t\t\t\t\t<div class=\"elementor-swiper-button elementor-swiper-button-prev\" role=\"button\" tabindex=\"0\">\n\t\t\t\t\t\t<svg aria-hidden=\"true\" class=\"e-font-icon-svg e-eicon-chevron-left\" viewBox=\"0 0 1000 1000\" xmlns=\"http:\/\/www.w3.org\/2000\/svg\"><path d=\"M646 125C629 125 613 133 604 142L308 442C296 454 292 471 292 487 292 504 296 521 308 533L604 854C617 867 629 875 646 875 663 875 679 871 692 858 704 846 713 829 713 812 713 796 708 779 692 767L438 487 692 225C700 217 708 204 708 187 708 171 704 154 692 142 675 129 663 125 646 125Z\"><\/path><\/svg>\t\t\t\t\t<\/div>\n\t\t\t\t\t<div class=\"elementor-swiper-button elementor-swiper-button-next\" role=\"button\" tabindex=\"0\">\n\t\t\t\t\t\t<svg aria-hidden=\"true\" class=\"e-font-icon-svg e-eicon-chevron-right\" viewBox=\"0 0 1000 1000\" xmlns=\"http:\/\/www.w3.org\/2000\/svg\"><path d=\"M696 533C708 521 713 504 713 487 713 471 708 454 696 446L400 146C388 133 375 125 354 125 338 125 325 129 313 142 300 154 292 171 292 187 292 204 296 221 308 233L563 492 304 771C292 783 288 800 288 817 288 833 296 850 308 863 321 871 338 875 354 875 371 875 388 867 400 854L696 533Z\"><\/path><\/svg>\t\t\t\t\t<\/div>\n\t\t\t\t\n\t\t\t\t\t\t\t\t\t<\/div>\n\t\t\t\t\t\t<\/div>\n\t\t\t\t<\/div>\n\t\t\t\t\t<\/div>\n\t\t\t\t<\/div>\n\t\t<div class=\"elementor-element elementor-element-c235001 e-flex e-con-boxed e-con e-parent\" data-id=\"c235001\" data-element_type=\"container\" data-e-type=\"container\" data-settings=\"{&quot;background_background&quot;:&quot;classic&quot;}\">\n\t\t\t\t\t<div class=\"e-con-inner\">\n\t\t<div class=\"elementor-element elementor-element-84401ef e-con-full e-flex e-con e-child\" data-id=\"84401ef\" data-element_type=\"container\" data-e-type=\"container\" data-settings=\"{&quot;background_background&quot;:&quot;classic&quot;}\">\n\t\t\t\t<div class=\"elementor-element elementor-element-f8befa8 elementor-widget-tablet__width-inherit elementor-widget elementor-widget-heading\" data-id=\"f8befa8\" data-element_type=\"widget\" data-e-type=\"widget\" data-widget_type=\"heading.default\">\n\t\t\t\t<div class=\"elementor-widget-container\">\n\t\t\t\t\t<h2 class=\"elementor-heading-title elementor-size-default\">Raimat Arts Festival <br>Quarta Edici\u00f3 - 2025<\/h2>\t\t\t\t<\/div>\n\t\t\t\t<\/div>\n\t\t\t\t<div class=\"elementor-element elementor-element-863651f elementor-widget__width-initial elementor-widget-tablet__width-inherit elementor-widget elementor-widget-text-editor\" data-id=\"863651f\" data-element_type=\"widget\" data-e-type=\"widget\" data-widget_type=\"text-editor.default\">\n\t\t\t\t<div class=\"elementor-widget-container\">\n\t\t\t\t\t\t\t\t\t<p data-start=\"251\" data-end=\"626\">La quarta edici\u00f3 del <strong data-start=\"273\" data-end=\"297\">Raimat Arts Festival<\/strong> consolida la seva posici\u00f3 com a referent internacional de m\u00fasica cl\u00e0ssica i comprom\u00eds amb el territori. M\u00e9s enll\u00e0 de la seva excel\u00b7l\u00e8ncia art\u00edstica, el festival s\u2019ha convertit en un motor de transformaci\u00f3 cultural i comunit\u00e0ria, impulsant un model \u00fanic <strong data-start=\"552\" data-end=\"572\">d\u2019impacte positiu<\/strong> en tres dimensions: econ\u00f2mica, ambiental i social.<\/p><p data-start=\"628\" data-end=\"902\">Dissenyat pel director art\u00edstic Joan Plana, el festival reuneix artistes de prestigi i p\u00fablic d\u2019arreu del m\u00f3n en un entorn excepcional, on la bellesa de l\u2019art s\u2019uneix amb el prop\u00f2sit de regenerar la terra i enfortir els vincles de la comunitat de Lleida.<\/p><p> <\/p>\t\t\t\t\t\t\t\t<\/div>\n\t\t\t\t<\/div>\n\t\t\t\t<div class=\"elementor-element elementor-element-a916af7 elementor-mobile-align-left elementor-widget elementor-widget-button\" data-id=\"a916af7\" data-element_type=\"widget\" data-e-type=\"widget\" data-widget_type=\"button.default\">\n\t\t\t\t<div class=\"elementor-widget-container\">\n\t\t\t\t\t\t\t\t\t<div class=\"elementor-button-wrapper\">\n\t\t\t\t\t<a class=\"elementor-button elementor-button-link elementor-size-sm\" href=\"https:\/\/raimatartsfestival.org\/ca\/edicions\/\">\n\t\t\t\t\t\t<span class=\"elementor-button-content-wrapper\">\n\t\t\t\t\t\t\t\t\t<span class=\"elementor-button-text\">Veure les edicions anteriors<\/span>\n\t\t\t\t\t<\/span>\n\t\t\t\t\t<\/a>\n\t\t\t\t<\/div>\n\t\t\t\t\t\t\t\t<\/div>\n\t\t\t\t<\/div>\n\t\t\t\t<\/div>\n\t\t\t\t\t<\/div>\n\t\t\t\t<\/div>\n\t\t<div class=\"elementor-element elementor-element-23ebc2f e-flex e-con-boxed e-con e-parent\" data-id=\"23ebc2f\" data-element_type=\"container\" data-e-type=\"container\" data-settings=\"{&quot;background_background&quot;:&quot;classic&quot;}\">\n\t\t\t\t\t<div class=\"e-con-inner\">\n\t\t<div class=\"elementor-element elementor-element-2b8dd74 e-flex e-con-boxed e-con e-child\" data-id=\"2b8dd74\" data-element_type=\"container\" data-e-type=\"container\">\n\t\t\t\t\t<div class=\"e-con-inner\">\n\t\t\t\t<div class=\"elementor-element elementor-element-9c0b5c4 elementor-widget__width-auto elementor-absolute elementor-widget elementor-widget-image\" data-id=\"9c0b5c4\" data-element_type=\"widget\" data-e-type=\"widget\" data-settings=\"{&quot;_position&quot;:&quot;absolute&quot;}\" data-widget_type=\"image.default\">\n\t\t\t\t<div class=\"elementor-widget-container\">\n\t\t\t\t\t\t\t\t\t\t\t\t\t\t\t<img loading=\"lazy\" decoding=\"async\" width=\"303\" height=\"303\" src=\"https:\/\/raimatartsfestival.org\/wp-content\/uploads\/2024\/04\/Rectangulo-1851.jpg\" class=\"attachment-full size-full wp-image-5452\" alt=\"\" srcset=\"https:\/\/raimatartsfestival.org\/wp-content\/uploads\/2024\/04\/Rectangulo-1851.jpg 303w, https:\/\/raimatartsfestival.org\/wp-content\/uploads\/2024\/04\/Rectangulo-1851-300x300.jpg 300w, https:\/\/raimatartsfestival.org\/wp-content\/uploads\/2024\/04\/Rectangulo-1851-150x150.jpg 150w\" sizes=\"(max-width: 303px) 100vw, 303px\" \/>\t\t\t\t\t\t\t\t\t\t\t\t\t\t\t<\/div>\n\t\t\t\t<\/div>\n\t\t\t\t<div class=\"elementor-element elementor-element-eabce49 elementor-absolute elementor-widget elementor-widget-heading\" data-id=\"eabce49\" data-element_type=\"widget\" data-e-type=\"widget\" data-settings=\"{&quot;_position&quot;:&quot;absolute&quot;}\" data-widget_type=\"heading.default\">\n\t\t\t\t<div class=\"elementor-widget-container\">\n\t\t\t\t\t<h2 class=\"elementor-heading-title elementor-size-default\">Benvinguts al <\/br>Raimat Arts Festival<\/h2>\t\t\t\t<\/div>\n\t\t\t\t<\/div>\n\t\t\t\t\t<\/div>\n\t\t\t\t<\/div>\n\t\t<div class=\"elementor-element elementor-element-a871615 e-con-full e-flex e-con e-child\" data-id=\"a871615\" data-element_type=\"container\" data-e-type=\"container\" data-settings=\"{&quot;background_background&quot;:&quot;classic&quot;}\">\n\t\t\t\t<div class=\"elementor-element elementor-element-41a74c7 elementor-widget__width-initial elementor-widget elementor-widget-text-editor\" data-id=\"41a74c7\" data-element_type=\"widget\" data-e-type=\"widget\" data-widget_type=\"text-editor.default\">\n\t\t\t\t<div class=\"elementor-widget-container\">\n\t\t\t\t\t\t\t\t\t<p data-start=\"451\" data-end=\"467\">Benvolguts amics,<\/p><p data-start=\"358\" data-end=\"675\">Despr\u00e9s de l\u2019\u00e8xit de la quarta edici\u00f3, el <strong data-start=\"401\" data-end=\"425\">Raimat Arts Festival <\/strong>continua el seu cam\u00ed amb m\u00e9s for\u00e7a que mai. El que va comen\u00e7ar fa quatre anys com una trobada musical entre art i natura, s\u2019ha consolidat com un referent cultural que uneix excel\u00b7l\u00e8ncia art\u00edstica, autenticitat territorial i impacte positiu.<\/p><p data-start=\"677\" data-end=\"1012\">Del <strong data-start=\"681\" data-end=\"711\">8 a l\u201911 d\u2019octubre de 2026<\/strong> celebrarem la <strong data-start=\"729\" data-end=\"747\">cinquena edici\u00f3<\/strong> del festival, reafirmant el nostre comprom\u00eds de convertir <strong data-start=\"806\" data-end=\"867\">Raimat en una destinaci\u00f3 cultural de refer\u00e8ncia internacional.<\/strong> Un lloc on la m\u00fasica cl\u00e0ssica, la gastronomia i el paisatge s\u2019entrellacen amb prop\u00f2sit, inspirant artistes i p\u00fablics d\u2019arreu del m\u00f3n.<\/p><p data-start=\"1014\" data-end=\"1379\">El festival, promogut pel <strong data-start=\"1044\" data-end=\"1065\">Castell de Raymat <\/strong>a benefici de la <strong data-start=\"1084\" data-end=\"1123\">Fundaci\u00f3 Comunit\u00e0ria Raimat Lleida<\/strong>, impulsa la regeneraci\u00f3 social, ambiental i econ\u00f2mica del territori. La seva curadoria \u00fanica i el seu prop\u00f2sit transformador el diferencien de qualsevol altre festival, creant una experi\u00e8ncia que deixa empremta en qui la viu i en la comunitat que l\u2019acull.<\/p><p data-start=\"1381\" data-end=\"1635\">El <strong data-start=\"1384\" data-end=\"1408\">Raimat Arts Festival<\/strong> \u00e9s m\u00e9s que un esdeveniment cultural: \u00e9s un moviment que celebra la bellesa com a forma d\u2019impacte. Gr\u00e0cies al suport d\u2019institucions, artistes, empreses i mecenes, continuem teixint una xarxa internacional de cultura amb prop\u00f2sit.<\/p><p data-start=\"1637\" data-end=\"1758\">Us hi esperem amb entusiasme en aquesta cinquena edici\u00f3, per continuar fent de l\u2019art una for\u00e7a regeneradora i compartida.<\/p><p data-start=\"1760\" data-end=\"1790\"><strong data-start=\"1760\" data-end=\"1788\">Us hi esperem a Raimat!<\/strong><\/p>\t\t\t\t\t\t\t\t<\/div>\n\t\t\t\t<\/div>\n\t\t\t\t<div class=\"elementor-element elementor-element-c9e178b elementor-widget__width-auto elementor-widget elementor-widget-image\" data-id=\"c9e178b\" data-element_type=\"widget\" data-e-type=\"widget\" data-widget_type=\"image.default\">\n\t\t\t\t<div class=\"elementor-widget-container\">\n\t\t\t\t\t\t\t\t\t\t\t\t\t\t\t<img decoding=\"async\" src=\"https:\/\/raimatartsfestival.org\/wp-content\/uploads\/2023\/06\/firma-elena-fundadora.svg\" class=\"attachment-full size-full wp-image-4494\" alt=\"\" \/>\t\t\t\t\t\t\t\t\t\t\t\t\t\t\t<\/div>\n\t\t\t\t<\/div>\n\t\t\t\t<div class=\"elementor-element elementor-element-42a20e9 elementor-absolute elementor-hidden-mobile elementor-widget elementor-widget-image\" data-id=\"42a20e9\" data-element_type=\"widget\" data-e-type=\"widget\" data-settings=\"{&quot;_position&quot;:&quot;absolute&quot;}\" data-widget_type=\"image.default\">\n\t\t\t\t<div class=\"elementor-widget-container\">\n\t\t\t\t\t\t\t\t\t\t\t\t\t\t\t<img decoding=\"async\" src=\"https:\/\/raimatartsfestival.org\/wp-content\/uploads\/2023\/06\/pluma.svg\" class=\"attachment-full size-full wp-image-3893\" alt=\"\" \/>\t\t\t\t\t\t\t\t\t\t\t\t\t\t\t<\/div>\n\t\t\t\t<\/div>\n\t\t\t\t<\/div>\n\t\t\t\t\t<\/div>\n\t\t\t\t<\/div>\n\t\t<div class=\"elementor-element elementor-element-821cc7e e-flex e-con-boxed e-con e-parent\" data-id=\"821cc7e\" data-element_type=\"container\" data-e-type=\"container\">\n\t\t\t\t\t<div class=\"e-con-inner\">\n\t\t<div class=\"elementor-element elementor-element-847ed2c e-con-full e-flex e-con e-child\" data-id=\"847ed2c\" data-element_type=\"container\" data-e-type=\"container\" data-settings=\"{&quot;background_background&quot;:&quot;classic&quot;}\">\n\t\t\t\t<div class=\"elementor-element elementor-element-425a288 elementor-widget elementor-widget-heading\" data-id=\"425a288\" data-element_type=\"widget\" data-e-type=\"widget\" data-widget_type=\"heading.default\">\n\t\t\t\t<div class=\"elementor-widget-container\">\n\t\t\t\t\t<p class=\"elementor-heading-title elementor-size-default\">Qu\u00e8 <\/br>\nconten del <\/br>\nRaimart Arts<\/br>\nFestival?<\/p>\t\t\t\t<\/div>\n\t\t\t\t<\/div>\n\t\t\t\t<\/div>\n\t\t<div class=\"elementor-element elementor-element-0f43e99 e-con-full e-flex e-con e-child\" data-id=\"0f43e99\" data-element_type=\"container\" data-e-type=\"container\" data-settings=\"{&quot;background_background&quot;:&quot;classic&quot;}\">\n\t\t\t\t<div class=\"elementor-element elementor-element-9e9f31a elementor-testimonial--skin-default elementor-testimonial--layout-image_inline elementor-testimonial--align-center elementor-arrows-yes elementor-widget elementor-widget-testimonial-carousel\" data-id=\"9e9f31a\" data-element_type=\"widget\" data-e-type=\"widget\" data-settings=\"{&quot;slides_per_view&quot;:&quot;4&quot;,&quot;space_between&quot;:{&quot;unit&quot;:&quot;px&quot;,&quot;size&quot;:0,&quot;sizes&quot;:[]},&quot;slides_per_view_tablet&quot;:&quot;3&quot;,&quot;show_arrows&quot;:&quot;yes&quot;,&quot;speed&quot;:500,&quot;autoplay&quot;:&quot;yes&quot;,&quot;autoplay_speed&quot;:5000,&quot;loop&quot;:&quot;yes&quot;,&quot;pause_on_hover&quot;:&quot;yes&quot;,&quot;pause_on_interaction&quot;:&quot;yes&quot;,&quot;space_between_tablet&quot;:{&quot;unit&quot;:&quot;px&quot;,&quot;size&quot;:10,&quot;sizes&quot;:[]},&quot;space_between_mobile&quot;:{&quot;unit&quot;:&quot;px&quot;,&quot;size&quot;:10,&quot;sizes&quot;:[]}}\" data-widget_type=\"testimonial-carousel.default\">\n\t\t\t\t<div class=\"elementor-widget-container\">\n\t\t\t\t\t\t\t\t\t<div class=\"elementor-swiper\">\n\t\t\t\t\t<div class=\"elementor-main-swiper swiper\" role=\"region\" aria-roledescription=\"carousel\" aria-label=\"Diapositivas\">\n\t\t\t\t<div class=\"swiper-wrapper\">\n\t\t\t\t\t\t\t\t\t\t\t<div class=\"swiper-slide\" role=\"group\" aria-roledescription=\"slide\">\n\t\t\t\t\t\t\t\t\t<div class=\"elementor-testimonial\">\n\t\t\t\t\t\t\t<div class=\"elementor-testimonial__content\">\n\t\t\t\t\t<div class=\"elementor-testimonial__text\">\n\t\t\t\t\t\t<div class=\"opinion\">\n<img decoding=\"async\" src=\"https:\/\/raimatartsfestival.org\/wp-content\/uploads\/2023\/06\/forbes.svg\"><\/p>\n<p>\"Raimat Arts Festival portar\u00e0 un trosset de la Vall de Napa al Pa\u00eds del Vi Espanyol\"<\/p>\n<p><span>Mike de Simone &amp; Jeff Jenssen<\/span>\n<\/div>\n<p><em><\/em><\/p>\n<div class=\"opinion\">\n<img decoding=\"async\" src=\"https:\/\/raimatartsfestival.org\/wp-content\/uploads\/2023\/06\/lamanana.svg\"><\/p>\n<p>\u201cRaimat Arts Festival invita a la Agencia Catalana de Turismo a promocionar la oferta enogastr\u00f3nomica de Catalunya en el Festival Napa Valley\u201d<\/p>\n<\/div>\n\t\t\t\t\t<\/div>\n\t\t\t\t\t\t\t\t\t<\/div>\n\t\t\t\t\t\t<div class=\"elementor-testimonial__footer\">\n\t\t\t\t\t\t\t\t\t\t\t<\/div>\n\t\t<\/div>\n\t\t\t\t\t\t\t\t<\/div>\n\t\t\t\t\t\t\t\t\t\t\t<div class=\"swiper-slide\" role=\"group\" aria-roledescription=\"slide\">\n\t\t\t\t\t\t\t\t\t<div class=\"elementor-testimonial\">\n\t\t\t\t\t\t\t<div class=\"elementor-testimonial__content\">\n\t\t\t\t\t<div class=\"elementor-testimonial__text\">\n\t\t\t\t\t\t<div class=\"opinion\">\n<img decoding=\"async\" src=\"https:\/\/raimatartsfestival.org\/wp-content\/uploads\/2023\/06\/lavanguardi.svg\"><\/p>\n<p>\u201cSerena S\u00e1enz, Sophia Bacelar o Pablo S\u00e1inz Villegas, figures del Raimat Arts Festival\u201d<\/p>\n<p><span>Maricel Chavarr\u00eda<\/span>\n<\/div>\n<p><em><\/em><\/p>\n<div class=\"opinion\">\n<img decoding=\"async\" src=\"https:\/\/raimatartsfestival.org\/wp-content\/uploads\/2023\/06\/VA-DE-VI.svg\"><\/p>\n<p>\"El Raimat Arts Festival estrena edici\u00f3 oferint un maridatge sensorial \u00fanic\"<\/p>\n<\/div>\n\t\t\t\t\t<\/div>\n\t\t\t\t\t\t\t\t\t<\/div>\n\t\t\t\t\t\t<div class=\"elementor-testimonial__footer\">\n\t\t\t\t\t\t\t\t\t\t\t<\/div>\n\t\t<\/div>\n\t\t\t\t\t\t\t\t<\/div>\n\t\t\t\t\t\t\t\t\t\t\t<div class=\"swiper-slide\" role=\"group\" aria-roledescription=\"slide\">\n\t\t\t\t\t\t\t\t\t<div class=\"elementor-testimonial\">\n\t\t\t\t\t\t\t<div class=\"elementor-testimonial__content\">\n\t\t\t\t\t<div class=\"elementor-testimonial__text\">\n\t\t\t\t\t\t<div class=\"opinion\">\n<img decoding=\"async\" src=\"https:\/\/raimatartsfestival.org\/wp-content\/uploads\/2023\/06\/elpais.svg\"><\/p>\n<p>\"El Raimat Arts Festival uneix gastronomia i m\u00fasica cl\u00e0ssica per a una acci\u00f3 social\"<\/p>\n<p><span>Gonzalo Moncloa<\/span>\n<\/div>\n<p><em><\/em><\/p>\n<div class=\"opinion\">\n<img decoding=\"async\" src=\"https:\/\/raimatartsfestival.org\/wp-content\/uploads\/2023\/06\/forbes.svg\"><\/p>\n<p>\u201cA weekend of fashion, music, wine and culture at the Raimat Arts Festival\u201d<\/p>\n<p><span>Allison Portee<\/span>\n<\/div>\n\t\t\t\t\t<\/div>\n\t\t\t\t\t\t\t\t\t<\/div>\n\t\t\t\t\t\t<div class=\"elementor-testimonial__footer\">\n\t\t\t\t\t\t\t\t\t\t\t<\/div>\n\t\t<\/div>\n\t\t\t\t\t\t\t\t<\/div>\n\t\t\t\t\t\t\t\t\t\t\t<div class=\"swiper-slide\" role=\"group\" aria-roledescription=\"slide\">\n\t\t\t\t\t\t\t\t\t<div class=\"elementor-testimonial\">\n\t\t\t\t\t\t\t<div class=\"elementor-testimonial__content\">\n\t\t\t\t\t<div class=\"elementor-testimonial__text\">\n\t\t\t\t\t\t<div class=\"opinion\">\n<img decoding=\"async\" src=\"https:\/\/raimatartsfestival.org\/wp-content\/uploads\/2023\/06\/Segre.svg\"><\/p>\n<p>\"Quatre xefs se sumen al Raimat Arts Festival amb unes jornades gastron\u00f2miques i men\u00fas preparats amb productes de proximitat\"<\/p>\n<\/div>\n<p><em><\/em><\/p>\n<div class=\"opinion\">\n<img decoding=\"async\" src=\"https:\/\/raimatartsfestival.org\/wp-content\/uploads\/2023\/06\/descobrir.svg\"><\/p>\n<p>\"El Raimat Arts Festival reuneix els principals exponents mundials de la m\u00fasica de cambra\"<\/p>\n<\/div>\n\t\t\t\t\t<\/div>\n\t\t\t\t\t\t\t\t\t<\/div>\n\t\t\t\t\t\t<div class=\"elementor-testimonial__footer\">\n\t\t\t\t\t\t\t\t\t\t\t<\/div>\n\t\t<\/div>\n\t\t\t\t\t\t\t\t<\/div>\n\t\t\t\t\t\t\t\t\t\t\t<div class=\"swiper-slide\" role=\"group\" aria-roledescription=\"slide\">\n\t\t\t\t\t\t\t\t\t<div class=\"elementor-testimonial\">\n\t\t\t\t\t\t\t<div class=\"elementor-testimonial__content\">\n\t\t\t\t\t<div class=\"elementor-testimonial__text\">\n\t\t\t\t\t\t<div class=\"opinion\">\n<img decoding=\"async\" src=\"https:\/\/raimatartsfestival.org\/wp-content\/uploads\/2023\/06\/Segre.svg\"><\/p>\n<p>\"El Raimat Arts Festival promocionar\u00e1 m\u00e1s de una veintena de productos agroalimentarios de les Terres de Lleida en el Tast de Lleida o las jornadas gastron\u00f3micas\"<\/p>\n<\/div>\n<p><em><\/em><\/p>\n<div class=\"opinion\">\n<img decoding=\"async\" src=\"https:\/\/raimatartsfestival.org\/wp-content\/uploads\/2023\/06\/lamanana.svg\"><\/p>\n<p>\"Raimat Arts Festival promociona els productes lleidatans\"<\/p>\n<\/div>\n\t\t\t\t\t<\/div>\n\t\t\t\t\t\t\t\t\t<\/div>\n\t\t\t\t\t\t<div class=\"elementor-testimonial__footer\">\n\t\t\t\t\t\t\t\t\t\t\t<\/div>\n\t\t<\/div>\n\t\t\t\t\t\t\t\t<\/div>\n\t\t\t\t\t\t\t\t\t\t\t<div class=\"swiper-slide\" role=\"group\" aria-roledescription=\"slide\">\n\t\t\t\t\t\t\t\t\t<div class=\"elementor-testimonial\">\n\t\t\t\t\t\t\t<div class=\"elementor-testimonial__content\">\n\t\t\t\t\t<div class=\"elementor-testimonial__text\">\n\t\t\t\t\t\t<div class=\"opinion\">\n<img decoding=\"async\" src=\"https:\/\/raimatartsfestival.org\/wp-content\/uploads\/2023\/06\/lamanana.svg\"><\/p>\n<p>\"El Raimat Arts Festival s'estrena amb \u00e8xit de p\u00fablic i totes les entrades exhaurides\"<\/p>\n<\/div>\n<p><em><\/em><\/p>\n<div class=\"opinion\">\n<img decoding=\"async\" src=\"https:\/\/raimatartsfestival.org\/wp-content\/uploads\/2023\/06\/logo-biensocial.svg\"><\/p>\n<p>\"El Raimat Arts Festival s'estrena amb \u00e8xit de p\u00fablic i totes les entrades exhaurides\"<\/p>\n<\/div>\n\t\t\t\t\t<\/div>\n\t\t\t\t\t\t\t\t\t<\/div>\n\t\t\t\t\t\t<div class=\"elementor-testimonial__footer\">\n\t\t\t\t\t\t\t\t\t\t\t<\/div>\n\t\t<\/div>\n\t\t\t\t\t\t\t\t<\/div>\n\t\t\t\t\t\t\t\t\t<\/div>\n\t\t\t\t\t\t\t\t\t\t\t\t\t\t\t<div class=\"elementor-swiper-button elementor-swiper-button-prev\" role=\"button\" tabindex=\"0\" aria-label=\"Previous\">\n\t\t\t\t\t\t\t<svg aria-hidden=\"true\" class=\"e-font-icon-svg e-eicon-chevron-left\" viewBox=\"0 0 1000 1000\" xmlns=\"http:\/\/www.w3.org\/2000\/svg\"><path d=\"M646 125C629 125 613 133 604 142L308 442C296 454 292 471 292 487 292 504 296 521 308 533L604 854C617 867 629 875 646 875 663 875 679 871 692 858 704 846 713 829 713 812 713 796 708 779 692 767L438 487 692 225C700 217 708 204 708 187 708 171 704 154 692 142 675 129 663 125 646 125Z\"><\/path><\/svg>\t\t\t\t\t\t<\/div>\n\t\t\t\t\t\t<div class=\"elementor-swiper-button elementor-swiper-button-next\" role=\"button\" tabindex=\"0\" aria-label=\"Next\">\n\t\t\t\t\t\t\t<svg aria-hidden=\"true\" class=\"e-font-icon-svg e-eicon-chevron-right\" viewBox=\"0 0 1000 1000\" xmlns=\"http:\/\/www.w3.org\/2000\/svg\"><path d=\"M696 533C708 521 713 504 713 487 713 471 708 454 696 446L400 146C388 133 375 125 354 125 338 125 325 129 313 142 300 154 292 171 292 187 292 204 296 221 308 233L563 492 304 771C292 783 288 800 288 817 288 833 296 850 308 863 321 871 338 875 354 875 371 875 388 867 400 854L696 533Z\"><\/path><\/svg>\t\t\t\t\t\t<\/div>\n\t\t\t\t\t\t\t\t\t\t\t\t\t\t\t\t\t<\/div>\n\t\t\t\t<\/div>\n\t\t\t\t\t\t\t\t<\/div>\n\t\t\t\t<\/div>\n\t\t\t\t<\/div>\n\t\t\t\t\t<\/div>\n\t\t\t\t<\/div>\n\t\t\t\t<\/div>\n\t\t","protected":false},"excerpt":{"rendered":"<p>Moltes gr\u00e0cies per la vostraparticipaci\u00f3 al Raimat Arts Festival 2025.Ens veiem del 8 a l\u201911 de novembre de 2026! . Linkedin Instagram Youtube festival@raimatartsfestival.org 2\/3\/4\/5Octubre 2025 Raimat \/ Lleida_Spain Raimat Arts Festival 2025 Un festival comprom\u00e8s amb l&#8217;impacte positiu en la comunidad El Raimat Arts Festival \u00e9s un festival internacional de m\u00fasica cl\u00e0ssica que transforma [&hellip;]<\/p>\n","protected":false},"author":1,"featured_media":0,"parent":0,"menu_order":0,"comment_status":"closed","ping_status":"closed","template":"","meta":{"footnotes":""},"class_list":["post-4783","page","type-page","status-publish","hentry"],"_links":{"self":[{"href":"https:\/\/raimatartsfestival.org\/ca\/wp-json\/wp\/v2\/pages\/4783","targetHints":{"allow":["GET"]}}],"collection":[{"href":"https:\/\/raimatartsfestival.org\/ca\/wp-json\/wp\/v2\/pages"}],"about":[{"href":"https:\/\/raimatartsfestival.org\/ca\/wp-json\/wp\/v2\/types\/page"}],"author":[{"embeddable":true,"href":"https:\/\/raimatartsfestival.org\/ca\/wp-json\/wp\/v2\/users\/1"}],"replies":[{"embeddable":true,"href":"https:\/\/raimatartsfestival.org\/ca\/wp-json\/wp\/v2\/comments?post=4783"}],"version-history":[{"count":36,"href":"https:\/\/raimatartsfestival.org\/ca\/wp-json\/wp\/v2\/pages\/4783\/revisions"}],"predecessor-version":[{"id":10577,"href":"https:\/\/raimatartsfestival.org\/ca\/wp-json\/wp\/v2\/pages\/4783\/revisions\/10577"}],"wp:attachment":[{"href":"https:\/\/raimatartsfestival.org\/ca\/wp-json\/wp\/v2\/media?parent=4783"}],"curies":[{"name":"wp","href":"https:\/\/api.w.org\/{rel}","templated":true}]}}